{"id":1706,"date":"2022-05-02T12:54:08","date_gmt":"2022-05-02T12:54:08","guid":{"rendered":"https:\/\/museum-holzbildhauerei.ch\/?page_id=1706"},"modified":"2023-07-28T15:26:34","modified_gmt":"2023-07-28T15:26:34","slug":"fondation-pour-la-collection-et-lexposition-de-sculptures-sur-bois-de-brienz","status":"publish","type":"page","link":"https:\/\/museum-holzbildhauerei.ch\/fr\/fondation-pour-la-collection-et-lexposition-de-sculptures-sur-bois-de-brienz\/","title":{"rendered":"Fondation pour la Collection et l\u2019Exposition de Sculptures sur Bois de Brienz"},"content":{"rendered":"<div class=\"wpb-content-wrapper\"><p>[vc_row css_animation=\u00a0\u00bb\u00a0\u00bb row_type=\u00a0\u00bbrow\u00a0\u00bb use_row_as_full_screen_section=\u00a0\u00bbno\u00a0\u00bb type=\u00a0\u00bbfull_width\u00a0\u00bb angled_section=\u00a0\u00bbno\u00a0\u00bb text_align=\u00a0\u00bbleft\u00a0\u00bb background_image_as_pattern=\u00a0\u00bbwithout_pattern\u00a0\u00bb css=\u00a0\u00bb.vc_custom_1651240931188{padding-top: 3% !important;}\u00a0\u00bb z_index=\u00a0\u00bb\u00a0\u00bb][vc_column][vc_single_image image=\u00a0\u00bb1114&Prime; img_size=\u00a0\u00bbfull\u00a0\u00bb alignment=\u00a0\u00bbcenter\u00a0\u00bb qode_css_animation=\u00a0\u00bb\u00a0\u00bb qode_hover_animation=\u00a0\u00bbzoom_in\u00a0\u00bb][\/vc_column][\/vc_row][vc_row css_animation=\u00a0\u00bb\u00a0\u00bb row_type=\u00a0\u00bbrow\u00a0\u00bb use_row_as_full_screen_section=\u00a0\u00bbno\u00a0\u00bb type=\u00a0\u00bbfull_width\u00a0\u00bb angled_section=\u00a0\u00bbno\u00a0\u00bb text_align=\u00a0\u00bbleft\u00a0\u00bb background_image_as_pattern=\u00a0\u00bbwithout_pattern\u00a0\u00bb css=\u00a0\u00bb.vc_custom_1651238960930{padding-top: 4% !important;padding-left: 7% !important;}\u00a0\u00bb z_index=\u00a0\u00bb\u00a0\u00bb][vc_column][vc_single_image image=\u00a0\u00bb1102&Prime; img_size=\u00a0\u00bbfull\u00a0\u00bb qode_css_animation=\u00a0\u00bb\u00a0\u00bb css=\u00a0\u00bb.vc_custom_1651495857051{margin-left: -7% !important;}\u00a0\u00bb][vc_column_text css=\u00a0\u00bb.vc_custom_1676625265789{margin-top: -32px !important;}\u00a0\u00bb]<\/p>\n<h1>Fondation Suisse de Sculptures sur Bois de Brienz<\/h1>\n<p>[\/vc_column_text][vc_column_text]<\/p>\n<h5>Fondation pour la Collection et l\u2019Exposition de Sculptures sur Bois de Brienz<\/h5>\n<p>[\/vc_column_text][vc_empty_space][\/vc_column][\/vc_row][vc_row css_animation=\u00a0\u00bb\u00a0\u00bb row_type=\u00a0\u00bbrow\u00a0\u00bb use_row_as_full_screen_section=\u00a0\u00bbno\u00a0\u00bb type=\u00a0\u00bbfull_width\u00a0\u00bb angled_section=\u00a0\u00bbno\u00a0\u00bb text_align=\u00a0\u00bbleft\u00a0\u00bb background_image_as_pattern=\u00a0\u00bbwithout_pattern\u00a0\u00bb css=\u00a0\u00bb.vc_custom_1651238917074{padding-bottom: 4% !important;padding-left: 7% !important;}\u00a0\u00bb z_index=\u00a0\u00bb\u00a0\u00bb][vc_column][vc_row_inner row_type=\u00a0\u00bbrow\u00a0\u00bb type=\u00a0\u00bbfull_width\u00a0\u00bb text_align=\u00a0\u00bbleft\u00a0\u00bb css_animation=\u00a0\u00bb\u00a0\u00bb][vc_column_inner width=\u00a0\u00bb1\/2&Prime;][vc_column_text]<\/p>\n<h4>Origine et milieu de la fondation<\/h4>\n<p>[\/vc_column_text][vc_empty_space height=\u00a0\u00bb10px\u00a0\u00bb][vc_column_text]Les premiers signes de la naissance de la sculpture sur bois, bient\u00f4t florissante, sont apparus \u00e0 Brienz peu apr\u00e8s les premi\u00e8res f\u00eates d&rsquo;Unspunnen en 1805 et 1808, v\u00e9ritables berceaux du d\u00e9veloppement dans l&rsquo;Oberland Bernois sup\u00e9rieur. Les d\u00e9tails de cette histoire impressionnante se trouvent ici.[\/vc_column_text][vc_empty_space height=\u00a0\u00bb10px\u00a0\u00bb][vc_column_text]Aujourd&rsquo;hui, Brienz est un village vivant, une destination touristique appr\u00e9ci\u00e9e et le c\u0153ur et le centre national de la sculpture sur bois, avec l&rsquo;\u00c9cole Suisse de la Sculpture sur Bois, le Mus\u00e9e Suisse de la Sculpture sur Bois et une culture vivante de la sculpture sur bois.[\/vc_column_text][vc_empty_space height=\u00a0\u00bb10px\u00a0\u00bb][vc_column_text]La fondation ne se contente pas de sauvegarder le vaste h\u00e9ritage du pass\u00e9, mais s&rsquo;occupe activement de la visibilit\u00e9, de l&rsquo;entretien et du soin des sculpteurs\/trices d&rsquo;aujourd&rsquo;hui, des entreprises et des activit\u00e9s \u00e0 grande \u00e9chelle.[\/vc_column_text][vc_empty_space][\/vc_column_inner][vc_column_inner width=\u00a0\u00bb1\/2&Prime;][vc_column_text]<\/p>\n<h4>Chefs-d&rsquo;\u0153uvre, raret\u00e9s et pi\u00e8ces d&rsquo;h\u00e9ritage<\/h4>\n<p>[\/vc_column_text][vc_empty_space height=\u00a0\u00bb10px\u00a0\u00bb][vc_column_text]De nombreuses sculptures en bois de Brienz et de l&rsquo;Oberland Bernois, d&rsquo;une grande importance artistique, sont en possession de familles dans toute la Suisse. Un grand nombre de leurs propri\u00e9taires actuels poss\u00e8dent encore de vastes connaissances sur l&rsquo;origine de leurs tr\u00e9sors et sur le pass\u00e9 de la \u00ab\u00a0sculpture\u00a0\u00bb. Tant les objets que les connaissances sont menac\u00e9s par le changement de g\u00e9n\u00e9ration et seront d\u00e9finitivement perdus si des actions courageuses ne sont pas entreprises.[\/vc_column_text][vc_empty_space height=\u00a0\u00bb10px\u00a0\u00bb][vc_column_text]C&rsquo;est dans ce contexte qu&rsquo;en 1990, des personnalit\u00e9s int\u00e9ress\u00e9es de la culture, de la politique et de l&rsquo;\u00e9conomie de la r\u00e9gion de Brienz ont donn\u00e9 l&rsquo;impulsion \u00e0 la cr\u00e9ation de la \u00ab\u00a0Fondation pour la Collection et l&rsquo;Exposition de Sculptures en Bois de Brienz\u00a0\u00bb.[\/vc_column_text][vc_empty_space height=\u00a0\u00bb10px\u00a0\u00bb][vc_column_text]Le mus\u00e9e a \u00e9t\u00e9 cr\u00e9\u00e9 en 2009 dans l&rsquo;esprit des objectifs de la fondation. Il se consacre exclusivement \u00e0 la sculpture sur bois et porte le nom de Mus\u00e9e Suisse de la Sculpture sur Bois. L&rsquo;appellation \u00ab\u00a0suisse\u00a0\u00bb s&rsquo;explique par le fait qu&rsquo;au-del\u00e0 des objectifs mus\u00e9aux, il entretient \u00e9galement le contact avec la cr\u00e9ation contemporaine en bois au sens le plus large.\u00a0Le mus\u00e9e en soi ne poss\u00e8de pas de propres objets. Il a recours \u00e0 des objets de la collection de la fondation, \u00e0 des pr\u00eats de l&rsquo;\u00c9cole de la Sculpture sur Bois et \u00e0 des collections priv\u00e9es de sculptures de Brienz et de l&rsquo;Oberland Bernois, ainsi qu&rsquo;\u00e0 des \u00e9changes professionnels avec d&rsquo;autres mus\u00e9es.[\/vc_column_text][vc_empty_space][\/vc_column_inner][\/vc_row_inner][\/vc_column][\/vc_row][vc_row css_animation=\u00a0\u00bb\u00a0\u00bb row_type=\u00a0\u00bbrow\u00a0\u00bb use_row_as_full_screen_section=\u00a0\u00bbno\u00a0\u00bb type=\u00a0\u00bbfull_width\u00a0\u00bb angled_section=\u00a0\u00bbno\u00a0\u00bb text_align=\u00a0\u00bbleft\u00a0\u00bb background_image_as_pattern=\u00a0\u00bbwithout_pattern\u00a0\u00bb][vc_column][vc_separator type=\u00a0\u00bbnormal\u00a0\u00bb thickness=\u00a0\u00bb1px\u00a0\u00bb][\/vc_column][\/vc_row][vc_row css_animation=\u00a0\u00bb\u00a0\u00bb row_type=\u00a0\u00bbrow\u00a0\u00bb use_row_as_full_screen_section=\u00a0\u00bbno\u00a0\u00bb type=\u00a0\u00bbfull_width\u00a0\u00bb angled_section=\u00a0\u00bbno\u00a0\u00bb text_align=\u00a0\u00bbleft\u00a0\u00bb background_image_as_pattern=\u00a0\u00bbwithout_pattern\u00a0\u00bb css=\u00a0\u00bb.vc_custom_1651496463217{padding-top: 4% !important;padding-bottom: 4% !important;padding-left: 7% !important;}\u00a0\u00bb z_index=\u00a0\u00bb\u00a0\u00bb][vc_column][vc_row_inner row_type=\u00a0\u00bbrow\u00a0\u00bb type=\u00a0\u00bbfull_width\u00a0\u00bb text_align=\u00a0\u00bbleft\u00a0\u00bb css_animation=\u00a0\u00bb\u00a0\u00bb][vc_column_inner width=\u00a0\u00bb2\/3&Prime;][vc_column_text]<\/p>\n<h4>Sens de la fondation<\/h4>\n<p>En tant que fondation, nous collectons, conservons et pr\u00e9servons des sculptures sur bois d&rsquo;importance historique et artistique ainsi que des documents, des photos et des objets en rapport avec la sculpture sur bois de Brienz, le coeur de sculpture sur bois en Suisse.[\/vc_column_text][vc_empty_space height=\u00a0\u00bb10px\u00a0\u00bb][vc_column_text]Notre collection se compose de pr\u00eats, de dons et de legs. Jusqu&rsquo;\u00e0 pr\u00e9sent, la fondation s&rsquo;est vu confier environ 400 sculptures sur bois importantes de Brienz et la Suisse sous forme de pr\u00eats et de dons. Toutes les \u0153uvres sont inventori\u00e9es scientifiquement et contribuent \u00e0 une approche approfondie de l&rsquo;histoire de l&rsquo;art de la cr\u00e9ation sculpturale. Avec des pi\u00e8ces individuelles importantes et des ensembles repr\u00e9sentatifs, nous contribuons \u00e0 documenter l&rsquo;histoire du d\u00e9veloppement et de la formation de la sculpture sur bois ainsi que son importance dans l&rsquo;histoire de l&rsquo;art.[\/vc_column_text][vc_empty_space height=\u00a0\u00bb10px\u00a0\u00bb][vc_column_text]La diversit\u00e9 de notre collection constitue la base de nombreux th\u00e8mes d&rsquo;exposition dans notre mus\u00e9e et lors d&rsquo;expositions partielles.<br \/>\nNous ne faisons pas le commerce des biens culturels appartenant \u00e0 la fondation.[\/vc_column_text][vc_empty_space height=\u00a0\u00bb10px\u00a0\u00bb][vc_column_text]Nous nous engageons globalement pour l&rsquo;entretien et la promotion de la sculpture sur bois \u00e0 Brienz et pour une bonne cohabitation des nombreux participants.<br \/>\nLa collaboration au sein de la fondation est b\u00e9n\u00e9vole.[\/vc_column_text][vc_empty_space][\/vc_column_inner][vc_column_inner width=\u00a0\u00bb1\/3&Prime;][vc_single_image image=\u00a0\u00bb1132&Prime; img_size=\u00a0\u00bbfull\u00a0\u00bb qode_css_animation=\u00a0\u00bb\u00a0\u00bb css=\u00a0\u00bb.vc_custom_1651566828261{margin-left: -2% !important;}\u00a0\u00bb][vc_column_text css=\u00a0\u00bb.vc_custom_1671634312743{margin-top: -32px !important;}\u00a0\u00bb]<\/p>\n<h4>La sculpture sur bois de Brienz est inscrite sur la liste des traditions vivantes de la Suisse.<\/h4>\n<p>[\/vc_column_text][vc_empty_space][\/vc_column_inner][\/vc_row_inner][\/vc_column][\/vc_row][vc_row css_animation=\u00a0\u00bb\u00a0\u00bb row_type=\u00a0\u00bbrow\u00a0\u00bb use_row_as_full_screen_section=\u00a0\u00bbno\u00a0\u00bb type=\u00a0\u00bbfull_width\u00a0\u00bb angled_section=\u00a0\u00bbno\u00a0\u00bb text_align=\u00a0\u00bbleft\u00a0\u00bb background_image_as_pattern=\u00a0\u00bbwithout_pattern\u00a0\u00bb][vc_column][vc_separator type=\u00a0\u00bbnormal\u00a0\u00bb thickness=\u00a0\u00bb1px\u00a0\u00bb][\/vc_column][\/vc_row][vc_row css_animation=\u00a0\u00bb\u00a0\u00bb row_type=\u00a0\u00bbrow\u00a0\u00bb use_row_as_full_screen_section=\u00a0\u00bbno\u00a0\u00bb type=\u00a0\u00bbfull_width\u00a0\u00bb angled_section=\u00a0\u00bbno\u00a0\u00bb text_align=\u00a0\u00bbleft\u00a0\u00bb background_image_as_pattern=\u00a0\u00bbwithout_pattern\u00a0\u00bb css=\u00a0\u00bb.vc_custom_1690557984624{padding-top: 4% !important;padding-left: 7% !important;}\u00a0\u00bb z_index=\u00a0\u00bb\u00a0\u00bb][vc_column width=\u00a0\u00bb1\/2&Prime;][vc_row_inner row_type=\u00a0\u00bbrow\u00a0\u00bb type=\u00a0\u00bbfull_width\u00a0\u00bb text_align=\u00a0\u00bbleft\u00a0\u00bb css_animation=\u00a0\u00bb\u00a0\u00bb][vc_column_inner][vc_column_text]<\/p>\n<h4>Nos souhaites<\/h4>\n<p>La Fondation pour la Sculpture sur Bois s&rsquo;engage durablement pour la conservation et le soutien de la sculpture sur bois et veut promouvoir activement le retour d&rsquo;\u0153uvres importantes de sculpture sur bois \u00e0 leur lieu d&rsquo;origine.[\/vc_column_text][vc_empty_space height=\u00a0\u00bb8px\u00a0\u00bb][vc_column_text]Le mus\u00e9e donne un aper\u00e7u de la longue tradition, de l&rsquo;importance actuelle et de la vaste cr\u00e9ation provenant de la r\u00e9gion de Brienz et de toute la Suisse.[\/vc_column_text][vc_empty_space][\/vc_column_inner][\/vc_row_inner][\/vc_column][vc_column width=\u00a0\u00bb1\/2&Prime;][vc_row_inner row_type=\u00a0\u00bbrow\u00a0\u00bb type=\u00a0\u00bbfull_width\u00a0\u00bb text_align=\u00a0\u00bbleft\u00a0\u00bb css_animation=\u00a0\u00bb\u00a0\u00bb][vc_column_inner][vc_column_text]<\/p>\n<h4>Nos buts<\/h4>\n<p>Conform\u00e9ment aux statuts de notre association :<\/p>\n<ul>\n<li>Collecter et rapatrier des sculptures sur bois d&rsquo;importance historique et artistique, ainsi que les objets qui s&rsquo;y rapportent.<\/li>\n<li>Pr\u00e9senter ces biens culturels au public lors d&rsquo;expositions et sous forme de publications.<\/li>\n<li>Soutenir tous les efforts visant \u00e0 promouvoir durablement l&rsquo;artisanat d&rsquo;art de la sculpture sur bois.<\/li>\n<li>G\u00e9rer un mus\u00e9e de la sculpture sur bois \u00e0 Brienz.<\/li>\n<\/ul>\n<p>[\/vc_column_text][vc_empty_space][\/vc_column_inner][\/vc_row_inner][\/vc_column][\/vc_row][vc_row css_animation=\u00a0\u00bb\u00a0\u00bb row_type=\u00a0\u00bbrow\u00a0\u00bb use_row_as_full_screen_section=\u00a0\u00bbno\u00a0\u00bb type=\u00a0\u00bbfull_width\u00a0\u00bb angled_section=\u00a0\u00bbno\u00a0\u00bb text_align=\u00a0\u00bbleft\u00a0\u00bb background_image_as_pattern=\u00a0\u00bbwithout_pattern\u00a0\u00bb css=\u00a0\u00bb.vc_custom_1651240931188{padding-top: 3% !important;}\u00a0\u00bb z_index=\u00a0\u00bb\u00a0\u00bb][vc_column][vc_single_image image=\u00a0\u00bb2376&Prime; img_size=\u00a0\u00bbfull\u00a0\u00bb alignment=\u00a0\u00bbcenter\u00a0\u00bb qode_css_animation=\u00a0\u00bb\u00a0\u00bb qode_hover_animation=\u00a0\u00bbzoom_in\u00a0\u00bb][\/vc_column][\/vc_row][vc_row css_animation=\u00a0\u00bb\u00a0\u00bb row_type=\u00a0\u00bbrow\u00a0\u00bb use_row_as_full_screen_section=\u00a0\u00bbno\u00a0\u00bb type=\u00a0\u00bbfull_width\u00a0\u00bb angled_section=\u00a0\u00bbno\u00a0\u00bb text_align=\u00a0\u00bbleft\u00a0\u00bb background_image_as_pattern=\u00a0\u00bbwithout_pattern\u00a0\u00bb css=\u00a0\u00bb.vc_custom_1661179652222{padding-top: 4% !important;padding-bottom: 4% !important;padding-left: 7% !important;}\u00a0\u00bb z_index=\u00a0\u00bb\u00a0\u00bb][vc_column][vc_row_inner row_type=\u00a0\u00bbrow\u00a0\u00bb type=\u00a0\u00bbfull_width\u00a0\u00bb text_align=\u00a0\u00bbleft\u00a0\u00bb css_animation=\u00a0\u00bb\u00a0\u00bb][vc_column_inner][vc_column_text]<\/p>\n<h4>Fondateurs de la fondation<\/h4>\n<p>[\/vc_column_text][\/vc_column_inner][\/vc_row_inner][vc_row_inner row_type=\u00a0\u00bbrow\u00a0\u00bb type=\u00a0\u00bbfull_width\u00a0\u00bb text_align=\u00a0\u00bbleft\u00a0\u00bb css_animation=\u00a0\u00bb\u00a0\u00bb][vc_column_inner width=\u00a0\u00bb1\/3&Prime;][vc_column_text]<\/p>\n<ul>\n<li>Commune d&rsquo;habitants de Brienz<\/li>\n<li>Commune bourgeoise de Brienz<\/li>\n<li>Commune mixte de Brienz<\/li>\n<li>Commune d&rsquo;habitants de Hofstetten<\/li>\n<\/ul>\n<p>[\/vc_column_text][vc_empty_space][\/vc_column_inner][vc_column_inner width=\u00a0\u00bb1\/3&Prime;][vc_column_text]<\/p>\n<ul>\n<li>\n<div><span lang=\"FR-CH\">Commune mixte d&rsquo;Oberried am Brienzersee<\/span><\/div>\n<\/li>\n<li>Commune d&rsquo;habitants de Schwanden<\/li>\n<li>Canton de Berne, Direction de l&rsquo;\u00e9conomie publique<\/li>\n<li>Ecole de la Sculpture sur Bois, Brienz<\/li>\n<\/ul>\n<p>[\/vc_column_text][vc_empty_space][\/vc_column_inner][vc_column_inner width=\u00a0\u00bb1\/3&Prime;][vc_column_text]<\/p>\n<ul>\n<li>Association des Sculpteurs sur Bois de Brienz VBH<\/li>\n<li>DTrois entreprises de sculpture sur bois<\/li>\n<li>Huit entreprises et personnes priv\u00e9es qui soutiennent les objectifs de la fondation<\/li>\n<\/ul>\n<p>[\/vc_column_text][\/vc_column_inner][\/vc_row_inner][\/vc_column][\/vc_row][vc_row css_animation=\u00a0\u00bb\u00a0\u00bb row_type=\u00a0\u00bbrow\u00a0\u00bb use_row_as_full_screen_section=\u00a0\u00bbno\u00a0\u00bb type=\u00a0\u00bbfull_width\u00a0\u00bb angled_section=\u00a0\u00bbno\u00a0\u00bb text_align=\u00a0\u00bbleft\u00a0\u00bb background_image_as_pattern=\u00a0\u00bbwithout_pattern\u00a0\u00bb][vc_column][vc_separator type=\u00a0\u00bbnormal\u00a0\u00bb thickness=\u00a0\u00bb1px\u00a0\u00bb][\/vc_column][\/vc_row][vc_row css_animation=\u00a0\u00bb\u00a0\u00bb row_type=\u00a0\u00bbrow\u00a0\u00bb use_row_as_full_screen_section=\u00a0\u00bbno\u00a0\u00bb type=\u00a0\u00bbfull_width\u00a0\u00bb angled_section=\u00a0\u00bbno\u00a0\u00bb text_align=\u00a0\u00bbleft\u00a0\u00bb background_image_as_pattern=\u00a0\u00bbwithout_pattern\u00a0\u00bb css=\u00a0\u00bb.vc_custom_1651496463217{padding-top: 4% !important;padding-bottom: 4% !important;padding-left: 7% !important;}\u00a0\u00bb z_index=\u00a0\u00bb\u00a0\u00bb][vc_column][vc_column_text]<\/p>\n<h4>Conseil de la fondation<\/h4>\n<p>Notre conseil de fondation est largement repr\u00e9sent\u00e9 et r\u00e9unit non seulement de vastes connaissances sp\u00e9cialis\u00e9es, diff\u00e9rents partenaires et un large engagement, mais aussi une grande passion pour la sculpture sur bois, sur une base r\u00e9gionale et nationale.[\/vc_column_text][vc_row_inner row_type=\u00a0\u00bbrow\u00a0\u00bb type=\u00a0\u00bbfull_width\u00a0\u00bb text_align=\u00a0\u00bbleft\u00a0\u00bb css_animation=\u00a0\u00bb\u00a0\u00bb][vc_column_inner width=\u00a0\u00bb1\/3&Prime;][vc_empty_space height=\u00a0\u00bb8px\u00a0\u00bb][vc_column_text]<\/p>\n<ul>\n<li>Anton Reisacher, pr\u00e9sident\/conservateur de la collection Ballenberg<\/li>\n<li>Flavius Jobin, vice-pr\u00e9sident\/directeur du mus\u00e9e<\/li>\n<li>Thomas Schild, secr\u00e9taire<\/li>\n<\/ul>\n<p>[\/vc_column_text][\/vc_column_inner][vc_column_inner width=\u00a0\u00bb1\/3&Prime;][vc_empty_space height=\u00a0\u00bb8px\u00a0\u00bb][vc_column_text]<\/p>\n<ul>\n<li>\n<div><span lang=\"FR-CH\">Bernhard Annen, sculpteur<\/span><\/div>\n<\/li>\n<li>\n<div><span lang=\"FR-CH\">Andr\u00e9 M\u00fcllener, commune d\u2019Oberried<\/span><\/div>\n<\/li>\n<li>\n<div><span lang=\"FR-CH\">Hansj\u00f6rg Ernst, sculpteur<\/span><\/div>\n<\/li>\n<li>\n<div><span lang=\"FR-CH\">Peter Fischer, commune bourgeoise de Brienz<\/span><\/div>\n<\/li>\n<li>\n<div><span lang=\"FR-CH\">Markus Fl\u00fcck, directeur de l&rsquo;Ecole de la Sculpture sur Bois<\/span><\/div>\n<\/li>\n<li>\n<div><span lang=\"FR-CH\">Helen Furrer-Br\u00fcderli, galeriste<\/span><\/div>\n<\/li>\n<\/ul>\n<p>[\/vc_column_text][\/vc_column_inner][vc_column_inner width=\u00a0\u00bb1\/3&Prime;][vc_empty_space height=\u00a0\u00bb8px\u00a0\u00bb][vc_column_text]<\/p>\n<ul>\n<li>Lisa Luchs, commune de Hofstetten<\/li>\n<li>Andreas Schaller, sculpteur\/-enseigant<\/li>\n<li>Antoine Schaller<\/li>\n<li>Charlotte Scheller, guide de mus\u00e9e<\/li>\n<li>Daniel Schild, commune Brienzwiler<\/li>\n<li>Thomas Zemp, sculpteur<\/li>\n<\/ul>\n<p>[\/vc_column_text][vc_empty_space][\/vc_column_inner][\/vc_row_inner][\/vc_column][\/vc_row][vc_row css_animation=\u00a0\u00bb\u00a0\u00bb row_type=\u00a0\u00bbrow\u00a0\u00bb use_row_as_full_screen_section=\u00a0\u00bbno\u00a0\u00bb type=\u00a0\u00bbfull_width\u00a0\u00bb angled_section=\u00a0\u00bbno\u00a0\u00bb text_align=\u00a0\u00bbleft\u00a0\u00bb background_image_as_pattern=\u00a0\u00bbwithout_pattern\u00a0\u00bb][vc_column][vc_separator type=\u00a0\u00bbnormal\u00a0\u00bb thickness=\u00a0\u00bb1px\u00a0\u00bb][\/vc_column][\/vc_row][vc_row css_animation=\u00a0\u00bb\u00a0\u00bb row_type=\u00a0\u00bbrow\u00a0\u00bb use_row_as_full_screen_section=\u00a0\u00bbno\u00a0\u00bb type=\u00a0\u00bbfull_width\u00a0\u00bb angled_section=\u00a0\u00bbno\u00a0\u00bb text_align=\u00a0\u00bbleft\u00a0\u00bb background_image_as_pattern=\u00a0\u00bbwithout_pattern\u00a0\u00bb css=\u00a0\u00bb.vc_custom_1651222418330{padding-top: 4% !important;padding-bottom: 4% !important;padding-left: 7% !important;}\u00a0\u00bb z_index=\u00a0\u00bb\u00a0\u00bb][vc_column][vc_row_inner row_type=\u00a0\u00bbrow\u00a0\u00bb type=\u00a0\u00bbfull_width\u00a0\u00bb text_align=\u00a0\u00bbleft\u00a0\u00bb css_animation=\u00a0\u00bb\u00a0\u00bb][vc_column_inner width=\u00a0\u00bb1\/2&Prime;][vc_column_text]<\/p>\n<h4>Patronage<\/h4>\n<p>Nous avons besoin de votre soutien. Devenez un ami et un donateur de la Fondation pour la Collection et l&rsquo;Exposition de Sculptures sur Bois et soutenez le Mus\u00e9e Suisse de la Sculpture sur Bois.[\/vc_column_text][vc_empty_space][\/vc_column_inner][vc_column_inner width=\u00a0\u00bb1\/2&Prime;][vc_column_text]<\/p>\n<h4>Partenaires<\/h4>\n<p>Ces <a href=\"https:\/\/museum-holzbildhauerei.ch\/fr\/nos-partenaires-donateurs\/\">partenaires<\/a> soutiennent la Fondation pour la Collection et l&rsquo;Exposition de Sculptures sur Bois de Brienz ainsi que le Mus\u00e9e Suisse de la Sculpture sur Bois.[\/vc_column_text][vc_empty_space][\/vc_column_inner][\/vc_row_inner][\/vc_column][\/vc_row][vc_row css_animation=\u00a0\u00bb\u00a0\u00bb row_type=\u00a0\u00bbrow\u00a0\u00bb use_row_as_full_screen_section=\u00a0\u00bbno\u00a0\u00bb type=\u00a0\u00bbfull_width\u00a0\u00bb angled_section=\u00a0\u00bbno\u00a0\u00bb text_align=\u00a0\u00bbleft\u00a0\u00bb background_image_as_pattern=\u00a0\u00bbwithout_pattern\u00a0\u00bb][vc_column][vc_separator type=\u00a0\u00bbnormal\u00a0\u00bb thickness=\u00a0\u00bb1px\u00a0\u00bb][\/vc_column][\/vc_row][vc_row css_animation=\u00a0\u00bb\u00a0\u00bb row_type=\u00a0\u00bbrow\u00a0\u00bb use_row_as_full_screen_section=\u00a0\u00bbno\u00a0\u00bb type=\u00a0\u00bbfull_width\u00a0\u00bb angled_section=\u00a0\u00bbno\u00a0\u00bb text_align=\u00a0\u00bbleft\u00a0\u00bb background_image_as_pattern=\u00a0\u00bbwithout_pattern\u00a0\u00bb css=\u00a0\u00bb.vc_custom_1651222418330{padding-top: 4% !important;padding-bottom: 4% !important;padding-left: 7% !important;}\u00a0\u00bb z_index=\u00a0\u00bb\u00a0\u00bb][vc_column][vc_row_inner row_type=\u00a0\u00bbrow\u00a0\u00bb type=\u00a0\u00bbfull_width\u00a0\u00bb text_align=\u00a0\u00bbleft\u00a0\u00bb css_animation=\u00a0\u00bb\u00a0\u00bb][vc_column_inner width=\u00a0\u00bb1\/2&Prime;][vc_column_text]<\/p>\n<h4>Exposition partielles permanantes<\/h4>\n<p>A intervalles r\u00e9guliers, la fondation pr\u00e9sente au public un aper\u00e7u de la diversit\u00e9 des travaux de sculpture sur bois lors d&rsquo;expositions plus importantes. Des points forts th\u00e9matiques sont \u00e0 chaque fois d\u00e9finis. Les expositions pr\u00e9sentent des objets importants de la collection d\u00e9j\u00e0 existante et en constante augmentation, qui sont approfondis par des documents dessin\u00e9s, photographiques et \u00e9crits. Compl\u00e9t\u00e9 par des pr\u00eats de collections publiques et priv\u00e9es, le th\u00e8me historico-culturel est document\u00e9 de mani\u00e8re visible.[\/vc_column_text][vc_empty_space][\/vc_column_inner][vc_column_inner width=\u00a0\u00bb1\/2&Prime;][vc_column_text]<\/p>\n<h4>Lieux d&rsquo;exposition partielles permanantes<\/h4>\n<ul>\n<li style=\"font-weight: 400;\">au Mus\u00e9e Suisse en plein air de Ballenberg<\/li>\n<li style=\"font-weight: 400;\">\u00e0 l\u2019\u00c9cole de sculpture sur bois<\/li>\n<li style=\"font-weight: 400;\">aux Grand H\u00f4tel Giessbach<\/li>\n<li style=\"font-weight: 400;\">dans l&rsquo;administration communale de Oberried au bord du lac de Brienz<\/li>\n<li style=\"font-weight: 400;\">dans les site de la commune bourgeois de Brienz<\/li>\n<\/ul>\n<p>[\/vc_column_text][vc_empty_space][\/vc_column_inner][\/vc_row_inner][\/vc_column][\/vc_row][vc_row css_animation=\u00a0\u00bb\u00a0\u00bb row_type=\u00a0\u00bbrow\u00a0\u00bb use_row_as_full_screen_section=\u00a0\u00bbno\u00a0\u00bb type=\u00a0\u00bbfull_width\u00a0\u00bb angled_section=\u00a0\u00bbno\u00a0\u00bb text_align=\u00a0\u00bbleft\u00a0\u00bb background_image_as_pattern=\u00a0\u00bbwithout_pattern\u00a0\u00bb][vc_column][vc_separator type=\u00a0\u00bbnormal\u00a0\u00bb thickness=\u00a0\u00bb1px\u00a0\u00bb][\/vc_column][\/vc_row][vc_row css_animation=\u00a0\u00bb\u00a0\u00bb row_type=\u00a0\u00bbrow\u00a0\u00bb use_row_as_full_screen_section=\u00a0\u00bbno\u00a0\u00bb type=\u00a0\u00bbfull_width\u00a0\u00bb angled_section=\u00a0\u00bbno\u00a0\u00bb text_align=\u00a0\u00bbleft\u00a0\u00bb background_image_as_pattern=\u00a0\u00bbwithout_pattern\u00a0\u00bb css=\u00a0\u00bb.vc_custom_1651496463217{padding-top: 4% !important;padding-bottom: 4% !important;padding-left: 7% !important;}\u00a0\u00bb z_index=\u00a0\u00bb\u00a0\u00bb][vc_column][vc_row_inner row_type=\u00a0\u00bbrow\u00a0\u00bb type=\u00a0\u00bbfull_width\u00a0\u00bb text_align=\u00a0\u00bbleft\u00a0\u00bb css_animation=\u00a0\u00bb\u00a0\u00bb][vc_column_inner width=\u00a0\u00bb1\/3&Prime;][vc_single_image image=\u00a0\u00bb1825&Prime; img_size=\u00a0\u00bbfull\u00a0\u00bb qode_css_animation=\u00a0\u00bb\u00a0\u00bb][\/vc_column_inner][vc_column_inner width=\u00a0\u00bb2\/3&Prime;][vc_column_text]<\/p>\n<h4>Collection de documents historiques<\/h4>\n<p>Des \u00e9crits, des documents, des photographies, des rapports annuels, de la litt\u00e9rature et des coupures de presse conserv\u00e9s au mus\u00e9e offrent un aper\u00e7u int\u00e9ressant de la grande activit\u00e9 des temps pass\u00e9s.[\/vc_column_text][vc_empty_space][\/vc_column_inner][\/vc_row_inner][\/vc_column][\/vc_row][vc_row css_animation=\u00a0\u00bb\u00a0\u00bb row_type=\u00a0\u00bbrow\u00a0\u00bb use_row_as_full_screen_section=\u00a0\u00bbno\u00a0\u00bb type=\u00a0\u00bbfull_width\u00a0\u00bb angled_section=\u00a0\u00bbno\u00a0\u00bb text_align=\u00a0\u00bbleft\u00a0\u00bb background_image_as_pattern=\u00a0\u00bbwithout_pattern\u00a0\u00bb][vc_column][vc_separator type=\u00a0\u00bbnormal\u00a0\u00bb thickness=\u00a0\u00bb1px\u00a0\u00bb][\/vc_column][\/vc_row][vc_row css_animation=\u00a0\u00bb\u00a0\u00bb row_type=\u00a0\u00bbrow\u00a0\u00bb use_row_as_full_screen_section=\u00a0\u00bbno\u00a0\u00bb type=\u00a0\u00bbfull_width\u00a0\u00bb angled_section=\u00a0\u00bbno\u00a0\u00bb text_align=\u00a0\u00bbleft\u00a0\u00bb background_image_as_pattern=\u00a0\u00bbwithout_pattern\u00a0\u00bb css=\u00a0\u00bb.vc_custom_1651496463217{padding-top: 4% !important;padding-bottom: 4% !important;padding-left: 7% !important;}\u00a0\u00bb z_index=\u00a0\u00bb\u00a0\u00bb][vc_column][vc_row_inner row_type=\u00a0\u00bbrow\u00a0\u00bb type=\u00a0\u00bbfull_width\u00a0\u00bb text_align=\u00a0\u00bbleft\u00a0\u00bb css_animation=\u00a0\u00bb\u00a0\u00bb][vc_column_inner][vc_column_text]<\/p>\n<h4>Autres t\u00e9moins de l&rsquo;\u00e9poque<\/h4>\n<p>D\u00e9couvrez ici d&rsquo;autres aper\u00e7us, faits et histoires passionnants:[\/vc_column_text][vc_empty_space][\/vc_column_inner][\/vc_row_inner][vc_row_inner row_type=\u00a0\u00bbrow\u00a0\u00bb type=\u00a0\u00bbfull_width\u00a0\u00bb text_align=\u00a0\u00bbleft\u00a0\u00bb css_animation=\u00a0\u00bb\u00a0\u00bb][vc_column_inner width=\u00a0\u00bb1\/3&Prime;][vc_column_text]<\/p>\n<ul>\n<li><a href=\"https:\/\/museum-holzbildhauerei.ch\/wp-content\/uploads\/2022\/09\/Museum_Holzbildhauerei_Brienz-GeschichteHolzbildhauerei_260922.pdf\" target=\"_blank\" rel=\"noopener\">Histoire de la sculpture sur bois \u00e0 Brienz<\/a><\/li>\n<li><a href=\"https:\/\/museum-holzbildhauerei.ch\/wp-content\/uploads\/2022\/09\/Museum_Holzbildhauerei_Brienz-Schweizerhaus_260922.pdf\" target=\"_blank\" rel=\"noopener\">La Maison suisse en souvenir<\/a><\/li>\n<\/ul>\n<p>[\/vc_column_text][vc_empty_space height=\u00a0\u00bb8px\u00a0\u00bb][\/vc_column_inner][vc_column_inner width=\u00a0\u00bb1\/3&Prime;][vc_column_text]<\/p>\n<ul>\n<li><a href=\"https:\/\/museum-holzbildhauerei.ch\/wp-content\/uploads\/2022\/09\/Museum_Holzbildhauerei_Brienz-GeschichteSchild_260922.pdf\" target=\"_blank\" rel=\"noopener\">Comment vivait une famille sculpteur au d\u00e9but du 20e si\u00e8cle ? <\/a><\/li>\n<li><a href=\"https:\/\/museum-holzbildhauerei.ch\/wp-content\/uploads\/2022\/09\/Museum_Holzbildhauerei_Brienz-SouvenirGiessbach_260922.pdf\" target=\"_blank\" rel=\"noopener\">Souvenir de Giessbach \u2013 un bijou des temps anciens<\/a><\/li>\n<\/ul>\n<p>[\/vc_column_text][vc_empty_space height=\u00a0\u00bb8px\u00a0\u00bb][\/vc_column_inner][vc_column_inner width=\u00a0\u00bb1\/3&Prime;][vc_column_text]<\/p>\n<ul>\n<li><a href=\"https:\/\/museum-holzbildhauerei.ch\/wp-content\/uploads\/2022\/09\/Museum_Holzbildhauerei_Brienz-StatistikVernetzteBerufe_1956_260922.pdf\" target=\"_blank\" rel=\"noopener\">Statistiques des m\u00e9tiers en r\u00e9seau 1956<\/a><\/li>\n<li><a href=\"https:\/\/museum-holzbildhauerei.ch\/wp-content\/uploads\/2022\/09\/Museum_Holzbildhauerei_Brienz-Diskussion_1956_260922.pdf\" target=\"_blank\" rel=\"noopener\">Discussion autour de l&rsquo;\u00c9cole de Sculpture et de la sculpture sur bois du 3 f\u00e9vrier 1956<\/a><\/li>\n<\/ul>\n<p>[\/vc_column_text][vc_empty_space][\/vc_column_inner][\/vc_row_inner][\/vc_column][\/vc_row]<\/p>\n<\/div>","protected":false},"excerpt":{"rendered":"<p>[vc_row css_animation=\u00a0\u00bb\u00a0\u00bb row_type=\u00a0\u00bbrow\u00a0\u00bb use_row_as_full_screen_section=\u00a0\u00bbno\u00a0\u00bb type=\u00a0\u00bbfull_width\u00a0\u00bb angled_section=\u00a0\u00bbno\u00a0\u00bb text_align=\u00a0\u00bbleft\u00a0\u00bb background_image_as_pattern=\u00a0\u00bbwithout_pattern\u00a0\u00bb css=\u00a0\u00bb.vc_custom_1651240931188{padding-top: 3% !important;}\u00a0\u00bb z_index=\u00a0\u00bb\u00a0\u00bb][vc_column][vc_single_image image=\u00a0\u00bb1114&Prime; img_size=\u00a0\u00bbfull\u00a0\u00bb alignment=\u00a0\u00bbcenter\u00a0\u00bb qode_css_animation=\u00a0\u00bb\u00a0\u00bb qode_hover_animation=\u00a0\u00bbzoom_in\u00a0\u00bb][\/vc_column][\/vc_row][vc_row css_animation=\u00a0\u00bb\u00a0\u00bb row_type=\u00a0\u00bbrow\u00a0\u00bb use_row_as_full_screen_section=\u00a0\u00bbno\u00a0\u00bb type=\u00a0\u00bbfull_width\u00a0\u00bb angled_section=\u00a0\u00bbno\u00a0\u00bb text_align=\u00a0\u00bbleft\u00a0\u00bb background_image_as_pattern=\u00a0\u00bbwithout_pattern\u00a0\u00bb css=\u00a0\u00bb.vc_custom_1651238960930{padding-top: 4% !important;padding-left: 7% !important;}\u00a0\u00bb z_index=\u00a0\u00bb\u00a0\u00bb][vc_column][vc_single_image image=\u00a0\u00bb1102&Prime; img_size=\u00a0\u00bbfull\u00a0\u00bb qode_css_animation=\u00a0\u00bb\u00a0\u00bb css=\u00a0\u00bb.vc_custom_1651495857051{margin-left: -7% !important;}\u00a0\u00bb][vc_column_text css=\u00a0\u00bb.vc_custom_1676625265789{margin-top: -32px !important;}\u00a0\u00bb] Fondation Suisse de Sculptures sur Bois de Brienz [\/vc_column_text][vc_column_text] Fondation pour la Collection et l\u2019Exposition de Sculptures sur Bois de Brienz [\/vc_column_text][vc_empty_space][\/vc_column][\/vc_row][vc_row css_animation=\u00a0\u00bb\u00a0\u00bb row_type=\u00a0\u00bbrow\u00a0\u00bb use_row_as_full_screen_section=\u00a0\u00bbno\u00a0\u00bb type=\u00a0\u00bbfull_width\u00a0\u00bb angled_section=\u00a0\u00bbno\u00a0\u00bb text_align=\u00a0\u00bbleft\u00a0\u00bb background_image_as_pattern=\u00a0\u00bbwithout_pattern\u00a0\u00bb css=\u00a0\u00bb.vc_custom_1651238917074{padding-bottom: 4% !important;padding-left: 7% !important;}\u00a0\u00bb z_index=\u00a0\u00bb\u00a0\u00bb][vc_column][vc_row_inner row_type=\u00a0\u00bbrow\u00a0\u00bb type=\u00a0\u00bbfull_width\u00a0\u00bb text_align=\u00a0\u00bbleft\u00a0\u00bb css_animation=\u00a0\u00bb\u00a0\u00bb][vc_column_inner width=\u00a0\u00bb1\/2&Prime;][vc_column_text] Origine et milieu de la fondation [\/vc_column_text][vc_empty_space height=\u00a0\u00bb10px\u00a0\u00bb][vc_column_text]Les premiers signes de&#8230;<\/p>\n","protected":false},"author":1,"featured_media":0,"parent":0,"menu_order":0,"comment_status":"closed","ping_status":"closed","template":"full_width.php","meta":{"footnotes":""},"class_list":["post-1706","page","type-page","status-publish","hentry"],"yoast_head":"<!-- This site is optimized with the Yoast SEO plugin v27.3 - https:\/\/yoast.com\/product\/yoast-seo-wordpress\/ -->\n<title>Fondation pour la Collection et l\u2019Exposition de Sculptures sur Bois de Brienz - Schweizer Holzbildhauerei Museum Brienz<\/title>\n<meta name=\"description\" content=\"Sens de la fondation: Collecter, conserver et rendre accessibles au public les sculptures sur bois et tous les objets et documents qui s&#039;y rapportent.\" \/>\n<meta name=\"robots\" content=\"index, follow, max-snippet:-1, max-image-preview:large, max-video-preview:-1\" \/>\n<link rel=\"canonical\" href=\"https:\/\/museum-holzbildhauerei.ch\/fr\/fondation-pour-la-collection-et-lexposition-de-sculptures-sur-bois-de-brienz\/\" \/>\n<meta property=\"og:locale\" content=\"fr_FR\" \/>\n<meta property=\"og:type\" content=\"article\" \/>\n<meta property=\"og:title\" content=\"Fondation pour la Collection et l\u2019Exposition de Sculptures sur Bois de Brienz - Schweizer Holzbildhauerei Museum Brienz\" \/>\n<meta property=\"og:description\" content=\"Sens de la fondation: Collecter, conserver et rendre accessibles au public les sculptures sur bois et tous les objets et documents qui s&#039;y rapportent.\" \/>\n<meta property=\"og:url\" content=\"https:\/\/museum-holzbildhauerei.ch\/fr\/fondation-pour-la-collection-et-lexposition-de-sculptures-sur-bois-de-brienz\/\" \/>\n<meta property=\"og:site_name\" content=\"Schweizer Holzbildhauerei Museum Brienz\" \/>\n<meta property=\"article:modified_time\" content=\"2023-07-28T15:26:34+00:00\" \/>\n<meta name=\"twitter:card\" content=\"summary_large_image\" \/>\n<meta name=\"twitter:label1\" content=\"Dur\u00e9e de lecture estim\u00e9e\" \/>\n\t<meta name=\"twitter:data1\" content=\"9 minutes\" \/>\n<script type=\"application\/ld+json\" class=\"yoast-schema-graph\">{\"@context\":\"https:\\\/\\\/schema.org\",\"@graph\":[{\"@type\":\"WebPage\",\"@id\":\"https:\\\/\\\/museum-holzbildhauerei.ch\\\/fr\\\/fondation-pour-la-collection-et-lexposition-de-sculptures-sur-bois-de-brienz\\\/\",\"url\":\"https:\\\/\\\/museum-holzbildhauerei.ch\\\/fr\\\/fondation-pour-la-collection-et-lexposition-de-sculptures-sur-bois-de-brienz\\\/\",\"name\":\"Fondation pour la Collection et l\u2019Exposition de Sculptures sur Bois de Brienz - Schweizer Holzbildhauerei Museum Brienz\",\"isPartOf\":{\"@id\":\"https:\\\/\\\/museum-holzbildhauerei.ch\\\/fr\\\/#website\"},\"datePublished\":\"2022-05-02T12:54:08+00:00\",\"dateModified\":\"2023-07-28T15:26:34+00:00\",\"description\":\"Sens de la fondation: Collecter, conserver et rendre accessibles au public les sculptures sur bois et tous les objets et documents qui s'y rapportent.\",\"breadcrumb\":{\"@id\":\"https:\\\/\\\/museum-holzbildhauerei.ch\\\/fr\\\/fondation-pour-la-collection-et-lexposition-de-sculptures-sur-bois-de-brienz\\\/#breadcrumb\"},\"inLanguage\":\"fr-FR\",\"potentialAction\":[{\"@type\":\"ReadAction\",\"target\":[\"https:\\\/\\\/museum-holzbildhauerei.ch\\\/fr\\\/fondation-pour-la-collection-et-lexposition-de-sculptures-sur-bois-de-brienz\\\/\"]}]},{\"@type\":\"BreadcrumbList\",\"@id\":\"https:\\\/\\\/museum-holzbildhauerei.ch\\\/fr\\\/fondation-pour-la-collection-et-lexposition-de-sculptures-sur-bois-de-brienz\\\/#breadcrumb\",\"itemListElement\":[{\"@type\":\"ListItem\",\"position\":1,\"name\":\"Startseite\",\"item\":\"https:\\\/\\\/museum-holzbildhauerei.ch\\\/fr\\\/\"},{\"@type\":\"ListItem\",\"position\":2,\"name\":\"Fondation pour la Collection et l\u2019Exposition de Sculptures sur Bois de Brienz\"}]},{\"@type\":\"WebSite\",\"@id\":\"https:\\\/\\\/museum-holzbildhauerei.ch\\\/fr\\\/#website\",\"url\":\"https:\\\/\\\/museum-holzbildhauerei.ch\\\/fr\\\/\",\"name\":\"Schweizer Holzbildhauerei Museum Brienz\",\"description\":\"Holzschnitzerei Handwerkskunst\",\"publisher\":{\"@id\":\"https:\\\/\\\/museum-holzbildhauerei.ch\\\/fr\\\/#organization\"},\"potentialAction\":[{\"@type\":\"SearchAction\",\"target\":{\"@type\":\"EntryPoint\",\"urlTemplate\":\"https:\\\/\\\/museum-holzbildhauerei.ch\\\/fr\\\/?s={search_term_string}\"},\"query-input\":{\"@type\":\"PropertyValueSpecification\",\"valueRequired\":true,\"valueName\":\"search_term_string\"}}],\"inLanguage\":\"fr-FR\"},{\"@type\":\"Organization\",\"@id\":\"https:\\\/\\\/museum-holzbildhauerei.ch\\\/fr\\\/#organization\",\"name\":\"Schweizer Holzbildhauerei Museum Brienz\",\"url\":\"https:\\\/\\\/museum-holzbildhauerei.ch\\\/fr\\\/\",\"logo\":{\"@type\":\"ImageObject\",\"inLanguage\":\"fr-FR\",\"@id\":\"https:\\\/\\\/museum-holzbildhauerei.ch\\\/fr\\\/#\\\/schema\\\/logo\\\/image\\\/\",\"url\":\"https:\\\/\\\/museum-holzbildhauerei.ch\\\/wp-content\\\/uploads\\\/2022\\\/05\\\/museum-holzbildhauerei-schweiz-brienz-SEO.jpg\",\"contentUrl\":\"https:\\\/\\\/museum-holzbildhauerei.ch\\\/wp-content\\\/uploads\\\/2022\\\/05\\\/museum-holzbildhauerei-schweiz-brienz-SEO.jpg\",\"width\":600,\"height\":600,\"caption\":\"Schweizer Holzbildhauerei Museum Brienz\"},\"image\":{\"@id\":\"https:\\\/\\\/museum-holzbildhauerei.ch\\\/fr\\\/#\\\/schema\\\/logo\\\/image\\\/\"}}]}<\/script>\n<!-- \/ Yoast SEO plugin. -->","yoast_head_json":{"title":"Fondation pour la Collection et l\u2019Exposition de Sculptures sur Bois de Brienz - Schweizer Holzbildhauerei Museum Brienz","description":"Sens de la fondation: Collecter, conserver et rendre accessibles au public les sculptures sur bois et tous les objets et documents qui s'y rapportent.","robots":{"index":"index","follow":"follow","max-snippet":"max-snippet:-1","max-image-preview":"max-image-preview:large","max-video-preview":"max-video-preview:-1"},"canonical":"https:\/\/museum-holzbildhauerei.ch\/fr\/fondation-pour-la-collection-et-lexposition-de-sculptures-sur-bois-de-brienz\/","og_locale":"fr_FR","og_type":"article","og_title":"Fondation pour la Collection et l\u2019Exposition de Sculptures sur Bois de Brienz - Schweizer Holzbildhauerei Museum Brienz","og_description":"Sens de la fondation: Collecter, conserver et rendre accessibles au public les sculptures sur bois et tous les objets et documents qui s'y rapportent.","og_url":"https:\/\/museum-holzbildhauerei.ch\/fr\/fondation-pour-la-collection-et-lexposition-de-sculptures-sur-bois-de-brienz\/","og_site_name":"Schweizer Holzbildhauerei Museum Brienz","article_modified_time":"2023-07-28T15:26:34+00:00","twitter_card":"summary_large_image","twitter_misc":{"Dur\u00e9e de lecture estim\u00e9e":"9 minutes"},"schema":{"@context":"https:\/\/schema.org","@graph":[{"@type":"WebPage","@id":"https:\/\/museum-holzbildhauerei.ch\/fr\/fondation-pour-la-collection-et-lexposition-de-sculptures-sur-bois-de-brienz\/","url":"https:\/\/museum-holzbildhauerei.ch\/fr\/fondation-pour-la-collection-et-lexposition-de-sculptures-sur-bois-de-brienz\/","name":"Fondation pour la Collection et l\u2019Exposition de Sculptures sur Bois de Brienz - Schweizer Holzbildhauerei Museum Brienz","isPartOf":{"@id":"https:\/\/museum-holzbildhauerei.ch\/fr\/#website"},"datePublished":"2022-05-02T12:54:08+00:00","dateModified":"2023-07-28T15:26:34+00:00","description":"Sens de la fondation: Collecter, conserver et rendre accessibles au public les sculptures sur bois et tous les objets et documents qui s'y rapportent.","breadcrumb":{"@id":"https:\/\/museum-holzbildhauerei.ch\/fr\/fondation-pour-la-collection-et-lexposition-de-sculptures-sur-bois-de-brienz\/#breadcrumb"},"inLanguage":"fr-FR","potentialAction":[{"@type":"ReadAction","target":["https:\/\/museum-holzbildhauerei.ch\/fr\/fondation-pour-la-collection-et-lexposition-de-sculptures-sur-bois-de-brienz\/"]}]},{"@type":"BreadcrumbList","@id":"https:\/\/museum-holzbildhauerei.ch\/fr\/fondation-pour-la-collection-et-lexposition-de-sculptures-sur-bois-de-brienz\/#breadcrumb","itemListElement":[{"@type":"ListItem","position":1,"name":"Startseite","item":"https:\/\/museum-holzbildhauerei.ch\/fr\/"},{"@type":"ListItem","position":2,"name":"Fondation pour la Collection et l\u2019Exposition de Sculptures sur Bois de Brienz"}]},{"@type":"WebSite","@id":"https:\/\/museum-holzbildhauerei.ch\/fr\/#website","url":"https:\/\/museum-holzbildhauerei.ch\/fr\/","name":"Schweizer Holzbildhauerei Museum Brienz","description":"Holzschnitzerei Handwerkskunst","publisher":{"@id":"https:\/\/museum-holzbildhauerei.ch\/fr\/#organization"},"potentialAction":[{"@type":"SearchAction","target":{"@type":"EntryPoint","urlTemplate":"https:\/\/museum-holzbildhauerei.ch\/fr\/?s={search_term_string}"},"query-input":{"@type":"PropertyValueSpecification","valueRequired":true,"valueName":"search_term_string"}}],"inLanguage":"fr-FR"},{"@type":"Organization","@id":"https:\/\/museum-holzbildhauerei.ch\/fr\/#organization","name":"Schweizer Holzbildhauerei Museum Brienz","url":"https:\/\/museum-holzbildhauerei.ch\/fr\/","logo":{"@type":"ImageObject","inLanguage":"fr-FR","@id":"https:\/\/museum-holzbildhauerei.ch\/fr\/#\/schema\/logo\/image\/","url":"https:\/\/museum-holzbildhauerei.ch\/wp-content\/uploads\/2022\/05\/museum-holzbildhauerei-schweiz-brienz-SEO.jpg","contentUrl":"https:\/\/museum-holzbildhauerei.ch\/wp-content\/uploads\/2022\/05\/museum-holzbildhauerei-schweiz-brienz-SEO.jpg","width":600,"height":600,"caption":"Schweizer Holzbildhauerei Museum Brienz"},"image":{"@id":"https:\/\/museum-holzbildhauerei.ch\/fr\/#\/schema\/logo\/image\/"}}]}},"_links":{"self":[{"href":"https:\/\/museum-holzbildhauerei.ch\/fr\/wp-json\/wp\/v2\/pages\/1706","targetHints":{"allow":["GET"]}}],"collection":[{"href":"https:\/\/museum-holzbildhauerei.ch\/fr\/wp-json\/wp\/v2\/pages"}],"about":[{"href":"https:\/\/museum-holzbildhauerei.ch\/fr\/wp-json\/wp\/v2\/types\/page"}],"author":[{"embeddable":true,"href":"https:\/\/museum-holzbildhauerei.ch\/fr\/wp-json\/wp\/v2\/users\/1"}],"replies":[{"embeddable":true,"href":"https:\/\/museum-holzbildhauerei.ch\/fr\/wp-json\/wp\/v2\/comments?post=1706"}],"version-history":[{"count":8,"href":"https:\/\/museum-holzbildhauerei.ch\/fr\/wp-json\/wp\/v2\/pages\/1706\/revisions"}],"predecessor-version":[{"id":2380,"href":"https:\/\/museum-holzbildhauerei.ch\/fr\/wp-json\/wp\/v2\/pages\/1706\/revisions\/2380"}],"wp:attachment":[{"href":"https:\/\/museum-holzbildhauerei.ch\/fr\/wp-json\/wp\/v2\/media?parent=1706"}],"curies":[{"name":"wp","href":"https:\/\/api.w.org\/{rel}","templated":true}]}}