{"id":1670,"date":"2022-05-02T11:18:46","date_gmt":"2022-05-02T11:18:46","guid":{"rendered":"https:\/\/museum-holzbildhauerei.ch\/?page_id=1670"},"modified":"2026-04-15T15:49:32","modified_gmt":"2026-04-15T15:49:32","slug":"exposition-temporaire","status":"publish","type":"page","link":"https:\/\/museum-holzbildhauerei.ch\/fr\/exposition-temporaire\/","title":{"rendered":"Exposition temporaire 2025"},"content":{"rendered":"<div class=\"wpb-content-wrapper\"><p>[vc_row css_animation=\u00a0\u00bb\u00a0\u00bb row_type=\u00a0\u00bbrow\u00a0\u00bb use_row_as_full_screen_section=\u00a0\u00bbno\u00a0\u00bb type=\u00a0\u00bbfull_width\u00a0\u00bb angled_section=\u00a0\u00bbno\u00a0\u00bb text_align=\u00a0\u00bbleft\u00a0\u00bb background_image_as_pattern=\u00a0\u00bbwithout_pattern\u00a0\u00bb css=\u00a0\u00bb.vc_custom_1651240881945{padding-top: 3% !important;}\u00a0\u00bb z_index=\u00a0\u00bb\u00a0\u00bb][vc_column][vc_single_image image=\u00a0\u00bb4200&Prime; img_size=\u00a0\u00bbfull\u00a0\u00bb alignment=\u00a0\u00bbcenter\u00a0\u00bb css=\u00a0\u00bb\u00a0\u00bb qode_css_animation=\u00a0\u00bb\u00a0\u00bb qode_hover_animation=\u00a0\u00bbzoom_in\u00a0\u00bb][\/vc_column][\/vc_row][vc_row css_animation=\u00a0\u00bb\u00a0\u00bb row_type=\u00a0\u00bbrow\u00a0\u00bb use_row_as_full_screen_section=\u00a0\u00bbno\u00a0\u00bb type=\u00a0\u00bbfull_width\u00a0\u00bb angled_section=\u00a0\u00bbno\u00a0\u00bb text_align=\u00a0\u00bbleft\u00a0\u00bb background_image_as_pattern=\u00a0\u00bbwithout_pattern\u00a0\u00bb css=\u00a0\u00bb.vc_custom_1768229974213{padding-top: 4% !important;padding-left: 7% !important;}\u00a0\u00bb z_index=\u00a0\u00bb\u00a0\u00bb][vc_column][vc_single_image image=\u00a0\u00bb1098&Prime; img_size=\u00a0\u00bbfull\u00a0\u00bb css=\u00a0\u00bb.vc_custom_1651490533726{margin-left: -7% !important;}\u00a0\u00bb qode_css_animation=\u00a0\u00bb\u00a0\u00bb][vc_column_text css=\u00a0\u00bb.vc_custom_1776268003236{margin-top: -32px !important;}\u00a0\u00bb]<\/p>\n<h1>Exposition temporaire 2026<\/h1>\n<h3>CASSE LA NOIX !<br \/>\nDe la plus grande collection de casse-noisettes au monde<\/h3>\n<p>[\/vc_column_text][vc_empty_space height=\u00a0\u00bb8px\u00a0\u00bb][\/vc_column][\/vc_row][vc_row css_animation=\u00a0\u00bb\u00a0\u00bb row_type=\u00a0\u00bbrow\u00a0\u00bb use_row_as_full_screen_section=\u00a0\u00bbno\u00a0\u00bb type=\u00a0\u00bbfull_width\u00a0\u00bb angled_section=\u00a0\u00bbno\u00a0\u00bb text_align=\u00a0\u00bbleft\u00a0\u00bb background_image_as_pattern=\u00a0\u00bbwithout_pattern\u00a0\u00bb z_index=\u00a0\u00bb\u00a0\u00bb css=\u00a0\u00bb.vc_custom_1745952659200{padding-bottom: 2% !important;padding-left: 7% !important;}\u00a0\u00bb][vc_column offset=\u00a0\u00bbvc_col-lg-3 vc_col-md-12 vc_col-xs-12&Prime;][vc_single_image image=\u00a0\u00bb4238&Prime; img_size=\u00a0\u00bbfull\u00a0\u00bb css=\u00a0\u00bb.vc_custom_1768379482313{margin-left: -7% !important;}\u00a0\u00bb qode_css_animation=\u00a0\u00bb\u00a0\u00bb][vc_empty_space][\/vc_column][vc_column offset=\u00a0\u00bbvc_col-lg-9 vc_col-md-12 vc_col-xs-12&Prime;][vc_row_inner row_type=\u00a0\u00bbrow\u00a0\u00bb type=\u00a0\u00bbfull_width\u00a0\u00bb text_align=\u00a0\u00bbleft\u00a0\u00bb css_animation=\u00a0\u00bb\u00a0\u00bb][vc_column_inner][vc_column_text css=\u00a0\u00bb\u00a0\u00bb]En exclusivit\u00e9 depuis la Lituanie: Le meilleur de la plus grande collection au monde, qui compte environ 15 000 exemplaires. Ces chefs-d&rsquo;\u0153uvre artisanaux repr\u00e9sentent de grands noms de la politique, de l&rsquo;\u00e9conomie et de l&rsquo;art d&rsquo;antan. On y retrouve par exemple Ludwig van Beethoven (1770-1827), Ferdinand von Zeppelin (1838-1917) et Johannes Brahms (1883-1897). Les cr\u00e9ations suisses de sculpteurs sur bois tels que Jakob St\u00e4hli-Linder, Peter St\u00e4hli-Linder, Johann St\u00e4hli et bien d&rsquo;autres encore sont salu\u00e9es comme des \u0153uvres magnifiques \u00e0 forte valeur historique et sociale.<\/p>\n<p><strong>La collection unique d&rsquo;Arnas Jurskis, Arimex Ltd, Lituanie<\/strong><br \/>\nEn plus de 20 ans, il a rassembl\u00e9 plus de 15 000 exemplaires provenant de 47 pays \u00e0 travers le monde, ce qui fait de sa collection la plus grande au monde. Elle comprend des pi\u00e8ces extr\u00eamement rares et pr\u00e9cieuses. Afin de partager cette passion, il a fond\u00e9 le Mus\u00e9e lituanien des casse-noisettes, qui pr\u00e9sente l&rsquo;histoire et la diversit\u00e9 cr\u00e9ative de cet objet du quotidien: le casse-noisettes.[\/vc_column_text][vc_empty_space height=\u00a0\u00bb8px\u00a0\u00bb][vc_single_image image=\u00a0\u00bb1132&Prime; img_size=\u00a0\u00bbfull\u00a0\u00bb css=\u00a0\u00bb.vc_custom_1744614224169{margin-left: 2% !important;}\u00a0\u00bb qode_css_animation=\u00a0\u00bb\u00a0\u00bb][vc_column_text css=\u00a0\u00bb.vc_custom_1768222744403{margin-top: -32px !important;}\u00a0\u00bb]<\/p>\n<h4 style=\"padding-left: 40px;\">\u00a0Quand \u00e7a craque, \u00e7a devient d\u00e9licieux<\/h4>\n<p>[\/vc_column_text][vc_empty_space height=\u00a0\u00bb8px\u00a0\u00bb][vc_column_text css=\u00a0\u00bb\u00a0\u00bb]La question se pose alors: Quel est le rapport entre ces personnages c\u00e9l\u00e8bres du pass\u00e9 et les noix, les amandes et les noisettes? Venez nous rendre visite et vous le d\u00e9couvrirez!<br \/>\nDe l&rsquo;arbre \u00e0 la noix, de la noix au plaisir gustatif avec un casse-noix raffin\u00e9: vous pourrez vivre ce merveilleux voyage \u00e0 l&rsquo;\u00e9t\u00e9 2026 au Mus\u00e9e suisse de la sculpture sur bois, \u00e0 Brienz![\/vc_column_text][vc_empty_space][\/vc_column_inner][\/vc_row_inner][\/vc_column][\/vc_row][vc_row css_animation=\u00a0\u00bb\u00a0\u00bb row_type=\u00a0\u00bbrow\u00a0\u00bb use_row_as_full_screen_section=\u00a0\u00bbno\u00a0\u00bb type=\u00a0\u00bbfull_width\u00a0\u00bb angled_section=\u00a0\u00bbno\u00a0\u00bb text_align=\u00a0\u00bbleft\u00a0\u00bb background_image_as_pattern=\u00a0\u00bbwithout_pattern\u00a0\u00bb][vc_column][vc_separator type=\u00a0\u00bbnormal\u00a0\u00bb thickness=\u00a0\u00bb1px\u00a0\u00bb][\/vc_column][\/vc_row][vc_row css_animation=\u00a0\u00bb\u00a0\u00bb row_type=\u00a0\u00bbrow\u00a0\u00bb use_row_as_full_screen_section=\u00a0\u00bbno\u00a0\u00bb type=\u00a0\u00bbfull_width\u00a0\u00bb angled_section=\u00a0\u00bbno\u00a0\u00bb text_align=\u00a0\u00bbleft\u00a0\u00bb background_image_as_pattern=\u00a0\u00bbwithout_pattern\u00a0\u00bb z_index=\u00a0\u00bb\u00a0\u00bb css=\u00a0\u00bb.vc_custom_1651223700523{padding-top: 4% !important;padding-bottom: 4% !important;padding-left: 7% !important;}\u00a0\u00bb][vc_column][vc_row_inner row_type=\u00a0\u00bbrow\u00a0\u00bb type=\u00a0\u00bbfull_width\u00a0\u00bb text_align=\u00a0\u00bbleft\u00a0\u00bb css_animation=\u00a0\u00bb\u00a0\u00bb][vc_column_inner width=\u00a0\u00bb2\/3&Prime; css=\u00a0\u00bb.vc_custom_1651569488657{padding-right: 12% !important;padding-left: 12% !important;}\u00a0\u00bb][vc_single_image image=\u00a0\u00bb1132&Prime; img_size=\u00a0\u00bbfull\u00a0\u00bb css=\u00a0\u00bb.vc_custom_1651566828261{margin-left: -2% !important;}\u00a0\u00bb qode_css_animation=\u00a0\u00bb\u00a0\u00bb][vc_column_text css=\u00a0\u00bb.vc_custom_1714558628732{margin-top: -32px !important;}\u00a0\u00bb]<\/p>\n<h4>Venez \u00e9galement nous rendre visite dans notre nouvel <a href=\"https:\/\/museum-holzbildhauerei.ch\/fr\/atelier-de-decouverte\/\"><span style=\"color: #b16717;\">ATELIER DE D\u00c9COUVERTE<\/span><\/a> pour en savoir encore plus sur le bois utilis\u00e9 !<\/h4>\n<p>[\/vc_column_text][vc_empty_space][\/vc_column_inner][vc_column_inner width=\u00a0\u00bb1\/3&Prime;][vc_column_text]<\/p>\n<h4>Flyer<\/h4>\n<p>Flyer de l\u2019exposition actuelle[\/vc_column_text][vc_empty_space]<a  itemprop=\"url\" href=\"\" target=\"_blank\"  class=\"qbutton  default\" style=\"\">Flyer (PDF) suivra<\/a>[vc_empty_space][\/vc_column_inner][\/vc_row_inner][\/vc_column][\/vc_row][vc_row css_animation=\u00a0\u00bb\u00a0\u00bb row_type=\u00a0\u00bbrow\u00a0\u00bb use_row_as_full_screen_section=\u00a0\u00bbno\u00a0\u00bb type=\u00a0\u00bbfull_width\u00a0\u00bb angled_section=\u00a0\u00bbno\u00a0\u00bb text_align=\u00a0\u00bbleft\u00a0\u00bb background_image_as_pattern=\u00a0\u00bbwithout_pattern\u00a0\u00bb][vc_column][vc_separator type=\u00a0\u00bbnormal\u00a0\u00bb thickness=\u00a0\u00bb1px\u00a0\u00bb][\/vc_column][\/vc_row][vc_row css_animation=\u00a0\u00bb\u00a0\u00bb row_type=\u00a0\u00bbrow\u00a0\u00bb use_row_as_full_screen_section=\u00a0\u00bbno\u00a0\u00bb type=\u00a0\u00bbfull_width\u00a0\u00bb angled_section=\u00a0\u00bbno\u00a0\u00bb text_align=\u00a0\u00bbleft\u00a0\u00bb background_image_as_pattern=\u00a0\u00bbwithout_pattern\u00a0\u00bb z_index=\u00a0\u00bb\u00a0\u00bb css=\u00a0\u00bb.vc_custom_1687169368261{padding-top: 4% !important;padding-bottom: 4% !important;padding-left: 7% !important;}\u00a0\u00bb][vc_column][vc_row_inner row_type=\u00a0\u00bbrow\u00a0\u00bb type=\u00a0\u00bbfull_width\u00a0\u00bb text_align=\u00a0\u00bbleft\u00a0\u00bb css_animation=\u00a0\u00bb\u00a0\u00bb][vc_column_inner width=\u00a0\u00bb2\/3&Prime; css=\u00a0\u00bb.vc_custom_1651569488657{padding-right: 12% !important;padding-left: 12% !important;}\u00a0\u00bb][vc_video link=\u00a0\u00bbhttps:\/\/www.youtube.com\/watch?v=cSqzZ7d7mRc\u00a0\u00bb][vc_empty_space][\/vc_column_inner][vc_column_inner width=\u00a0\u00bb1\/3&Prime;][vc_column_text]<\/p>\n<h3>Raret\u00e9s et t\u00e9moins cin\u00e9matographiques<\/h3>\n<p>Pour la premi\u00e8re fois cette ann\u00e9e, le mus\u00e9e peut \u00e9galement pr\u00e9senter des t\u00e9moins film\u00e9s de la r\u00e9gion de Brienz. Les aper\u00e7us fascinants de la vie et des gens \u00e0 Brienz il y a presque 100 ans invitent \u00e0 un voyage dans un autre monde pass\u00e9. Ceux qui souhaitent obtenir des informations sous forme num\u00e9rique peuvent se laisser accompagner par le \u00ab\u00a0Living History Guide\u00a0\u00bb, une tablette pratique qui, gr\u00e2ce \u00e0 un code QR, permet de d\u00e9couvrir des histoires et des contextes.[\/vc_column_text][vc_empty_space][vc_column_text]Vous trouverez d&rsquo;autres films historiques sur notre cha\u00eene Youtube:[\/vc_column_text][vc_empty_space height=\u00a0\u00bb15px\u00a0\u00bb]<a  itemprop=\"url\" href=\"https:\/\/www.youtube.com\/watch?v=3CL0BAF6uQ0&#038;t=18s\" target=\"_blank\"  class=\"qbutton  default\" style=\"\">Youtube<\/a>[vc_empty_space][\/vc_column_inner][\/vc_row_inner][\/vc_column][\/vc_row][vc_row css_animation=\u00a0\u00bb\u00a0\u00bb row_type=\u00a0\u00bbrow\u00a0\u00bb use_row_as_full_screen_section=\u00a0\u00bbno\u00a0\u00bb type=\u00a0\u00bbfull_width\u00a0\u00bb angled_section=\u00a0\u00bbno\u00a0\u00bb text_align=\u00a0\u00bbleft\u00a0\u00bb background_image_as_pattern=\u00a0\u00bbwithout_pattern\u00a0\u00bb][vc_column][vc_separator type=\u00a0\u00bbnormal\u00a0\u00bb thickness=\u00a0\u00bb1px\u00a0\u00bb][\/vc_column][\/vc_row][vc_row css_animation=\u00a0\u00bb\u00a0\u00bb row_type=\u00a0\u00bbrow\u00a0\u00bb use_row_as_full_screen_section=\u00a0\u00bbno\u00a0\u00bb type=\u00a0\u00bbfull_width\u00a0\u00bb angled_section=\u00a0\u00bbno\u00a0\u00bb text_align=\u00a0\u00bbleft\u00a0\u00bb background_image_as_pattern=\u00a0\u00bbwithout_pattern\u00a0\u00bb css=\u00a0\u00bb.vc_custom_1651238960930{padding-top: 4% !important;padding-left: 7% !important;}\u00a0\u00bb z_index=\u00a0\u00bb\u00a0\u00bb][vc_column][vc_single_image image=\u00a0\u00bb1062&Prime; img_size=\u00a0\u00bbfull\u00a0\u00bb css=\u00a0\u00bb.vc_custom_1651824825639{margin-left: -7% !important;}\u00a0\u00bb qode_css_animation=\u00a0\u00bb\u00a0\u00bb][vc_column_text css=\u00a0\u00bb.vc_custom_1671618353824{margin-top: -32px !important;}\u00a0\u00bb]<\/p>\n<h1>Expositions temporaires &#8211; R\u00e9trospective<\/h1>\n<p>[\/vc_column_text][\/vc_column][\/vc_row][vc_row css_animation=\u00a0\u00bb\u00a0\u00bb row_type=\u00a0\u00bbrow\u00a0\u00bb use_row_as_full_screen_section=\u00a0\u00bbno\u00a0\u00bb type=\u00a0\u00bbfull_width\u00a0\u00bb angled_section=\u00a0\u00bbno\u00a0\u00bb text_align=\u00a0\u00bbleft\u00a0\u00bb background_image_as_pattern=\u00a0\u00bbwithout_pattern\u00a0\u00bb css=\u00a0\u00bb.vc_custom_1651238917074{padding-bottom: 4% !important;padding-left: 7% !important;}\u00a0\u00bb z_index=\u00a0\u00bb\u00a0\u00bb][vc_column offset=\u00a0\u00bbvc_col-lg-8 vc_col-md-12 vc_col-xs-12&Prime;][vc_row_inner row_type=\u00a0\u00bbrow\u00a0\u00bb type=\u00a0\u00bbfull_width\u00a0\u00bb text_align=\u00a0\u00bbleft\u00a0\u00bb css_animation=\u00a0\u00bb\u00a0\u00bb][vc_column_inner][vc_column_text]<\/p>\n<h3>Les responsables du mus\u00e9e de la Fondation pour la Sculpture sur Bois de Brienz peuvent se f\u00e9liciter d&rsquo;une remarquable s\u00e9rie d&rsquo;expositions sp\u00e9ciales. En voici un extrait :<\/h3>\n<p>[\/vc_column_text][\/vc_column_inner][\/vc_row_inner][\/vc_column][vc_column width=\u00a0\u00bb1\/3&Prime;][\/vc_column][\/vc_row][vc_row css_animation=\u00a0\u00bb\u00a0\u00bb row_type=\u00a0\u00bbrow\u00a0\u00bb use_row_as_full_screen_section=\u00a0\u00bbno\u00a0\u00bb type=\u00a0\u00bbfull_width\u00a0\u00bb angled_section=\u00a0\u00bbno\u00a0\u00bb text_align=\u00a0\u00bbleft\u00a0\u00bb background_image_as_pattern=\u00a0\u00bbwithout_pattern\u00a0\u00bb][vc_column][vc_separator type=\u00a0\u00bbnormal\u00a0\u00bb thickness=\u00a0\u00bb1px\u00a0\u00bb][\/vc_column][\/vc_row][vc_row css_animation=\u00a0\u00bb\u00a0\u00bb row_type=\u00a0\u00bbrow\u00a0\u00bb use_row_as_full_screen_section=\u00a0\u00bbno\u00a0\u00bb type=\u00a0\u00bbfull_width\u00a0\u00bb angled_section=\u00a0\u00bbno\u00a0\u00bb text_align=\u00a0\u00bbleft\u00a0\u00bb background_image_as_pattern=\u00a0\u00bbwithout_pattern\u00a0\u00bb z_index=\u00a0\u00bb\u00a0\u00bb css=\u00a0\u00bb.vc_custom_1651223700523{padding-top: 4% !important;padding-bottom: 4% !important;padding-left: 7% !important;}\u00a0\u00bb][vc_column offset=\u00a0\u00bbvc_col-lg-3 vc_col-md-12 vc_col-xs-12&Prime;][vc_single_image image=\u00a0\u00bb1318&Prime; img_size=\u00a0\u00bbfull\u00a0\u00bb qode_css_animation=\u00a0\u00bb\u00a0\u00bb][vc_empty_space][\/vc_column][vc_column offset=\u00a0\u00bbvc_col-lg-9 vc_col-md-12 vc_col-xs-12&Prime;][vc_row_inner row_type=\u00a0\u00bbrow\u00a0\u00bb type=\u00a0\u00bbfull_width\u00a0\u00bb text_align=\u00a0\u00bbleft\u00a0\u00bb css_animation=\u00a0\u00bb\u00a0\u00bb][vc_column_inner][vc_column_text]<\/p>\n<h3>2011<br \/>\nMasques sculpt\u00e9s &#8211; coutumes artisanales<\/h3>\n<p>du 14 mai au 25 septembre 2011<br \/>\navec des pr\u00eats du Mus\u00e9e Rietberg de Zurich et de collections priv\u00e9es[\/vc_column_text][vc_empty_space]<a  itemprop=\"url\" href=\"https:\/\/museum-holzbildhauerei.ch\/wp-content\/uploads\/2022\/09\/Museum_Holzbildhauerei_Brienz-Maskenaustellung-Flyer-2011.pdf\" target=\"_blank\"  class=\"qbutton  default\" style=\"\">Flyer<\/a>[vc_empty_space][\/vc_column_inner][\/vc_row_inner][\/vc_column][\/vc_row][vc_row css_animation=\u00a0\u00bb\u00a0\u00bb row_type=\u00a0\u00bbrow\u00a0\u00bb use_row_as_full_screen_section=\u00a0\u00bbno\u00a0\u00bb type=\u00a0\u00bbfull_width\u00a0\u00bb angled_section=\u00a0\u00bbno\u00a0\u00bb text_align=\u00a0\u00bbleft\u00a0\u00bb background_image_as_pattern=\u00a0\u00bbwithout_pattern\u00a0\u00bb][vc_column][vc_separator type=\u00a0\u00bbnormal\u00a0\u00bb thickness=\u00a0\u00bb1px\u00a0\u00bb][\/vc_column][\/vc_row][vc_row css_animation=\u00a0\u00bb\u00a0\u00bb row_type=\u00a0\u00bbrow\u00a0\u00bb use_row_as_full_screen_section=\u00a0\u00bbno\u00a0\u00bb type=\u00a0\u00bbfull_width\u00a0\u00bb angled_section=\u00a0\u00bbno\u00a0\u00bb text_align=\u00a0\u00bbleft\u00a0\u00bb background_image_as_pattern=\u00a0\u00bbwithout_pattern\u00a0\u00bb z_index=\u00a0\u00bb\u00a0\u00bb css=\u00a0\u00bb.vc_custom_1651223700523{padding-top: 4% !important;padding-bottom: 4% !important;padding-left: 7% !important;}\u00a0\u00bb][vc_column offset=\u00a0\u00bbvc_col-lg-3 vc_col-md-12 vc_col-xs-12&Prime;][vc_single_image image=\u00a0\u00bb1306&Prime; img_size=\u00a0\u00bbfull\u00a0\u00bb qode_css_animation=\u00a0\u00bb\u00a0\u00bb][vc_empty_space][\/vc_column][vc_column offset=\u00a0\u00bbvc_col-lg-9 vc_col-md-12 vc_col-xs-12&Prime;][vc_row_inner row_type=\u00a0\u00bbrow\u00a0\u00bb type=\u00a0\u00bbfull_width\u00a0\u00bb text_align=\u00a0\u00bbleft\u00a0\u00bb css_animation=\u00a0\u00bb\u00a0\u00bb][vc_column_inner][vc_column_text]<\/p>\n<h3>2013\/14<br \/>\nLa sculpture sur bois de Brienz &#8211; patrimoine culturel immat\u00e9riel et tradition vivante<\/h3>\n<p>du 4 mai 2013 au 19 avril 2015<br \/>\nL&rsquo;inscription du mus\u00e9e sur la \u00ab\u00a0Liste des traditions vivantes de Suisse\u00a0\u00bb a permis de pr\u00e9senter la diversit\u00e9\u00a0 de la sculpture sur bois de Brienz.[\/vc_column_text][vc_empty_space]<a  itemprop=\"url\" href=\"https:\/\/museum-holzbildhauerei.ch\/wp-content\/uploads\/2022\/09\/Museum_Holzbildhauerei_Brienz-_Flyer_Ausstellung_2013.pdf\" target=\"_blank\"  class=\"qbutton  default\" style=\"\">Flyer<\/a>[vc_empty_space][\/vc_column_inner][\/vc_row_inner][\/vc_column][\/vc_row][vc_row css_animation=\u00a0\u00bb\u00a0\u00bb row_type=\u00a0\u00bbrow\u00a0\u00bb use_row_as_full_screen_section=\u00a0\u00bbno\u00a0\u00bb type=\u00a0\u00bbfull_width\u00a0\u00bb angled_section=\u00a0\u00bbno\u00a0\u00bb text_align=\u00a0\u00bbleft\u00a0\u00bb background_image_as_pattern=\u00a0\u00bbwithout_pattern\u00a0\u00bb][vc_column][vc_separator type=\u00a0\u00bbnormal\u00a0\u00bb thickness=\u00a0\u00bb1px\u00a0\u00bb][\/vc_column][\/vc_row][vc_row css_animation=\u00a0\u00bb\u00a0\u00bb row_type=\u00a0\u00bbrow\u00a0\u00bb use_row_as_full_screen_section=\u00a0\u00bbno\u00a0\u00bb type=\u00a0\u00bbfull_width\u00a0\u00bb angled_section=\u00a0\u00bbno\u00a0\u00bb text_align=\u00a0\u00bbleft\u00a0\u00bb background_image_as_pattern=\u00a0\u00bbwithout_pattern\u00a0\u00bb z_index=\u00a0\u00bb\u00a0\u00bb css=\u00a0\u00bb.vc_custom_1651223700523{padding-top: 4% !important;padding-bottom: 4% !important;padding-left: 7% !important;}\u00a0\u00bb][vc_column offset=\u00a0\u00bbvc_col-lg-3 vc_col-md-12 vc_col-xs-12&Prime;][vc_single_image image=\u00a0\u00bb1308&Prime; img_size=\u00a0\u00bbfull\u00a0\u00bb qode_css_animation=\u00a0\u00bb\u00a0\u00bb][vc_empty_space][\/vc_column][vc_column offset=\u00a0\u00bbvc_col-lg-9 vc_col-md-12 vc_col-xs-12&Prime;][vc_row_inner row_type=\u00a0\u00bbrow\u00a0\u00bb type=\u00a0\u00bbfull_width\u00a0\u00bb text_align=\u00a0\u00bbleft\u00a0\u00bb css_animation=\u00a0\u00bb\u00a0\u00bb][vc_column_inner][vc_column_text]<\/p>\n<h3>2015<br \/>\nCr\u00e9ation actuelle de la sculpture sur bois suisse<\/h3>\n<p>du 9 mai 2015 au 16 avril 2016<br \/>\nUne exposition de l&rsquo;Association Suisse des Sculpteurs sur Bois apr\u00e8s sa fusion avec l\u2019Association des Sculpteurs sur Bois de Brienz VBH[\/vc_column_text][vc_empty_space]<a  itemprop=\"url\" href=\"https:\/\/museum-holzbildhauerei.ch\/wp-content\/uploads\/2022\/09\/Museum_Holzbildhauerei_Brienz-_Flyer_Ausstellung_2015.pdf\" target=\"_blank\"  class=\"qbutton  default\" style=\"\">Flyer<\/a>[vc_empty_space][\/vc_column_inner][\/vc_row_inner][\/vc_column][\/vc_row][vc_row css_animation=\u00a0\u00bb\u00a0\u00bb row_type=\u00a0\u00bbrow\u00a0\u00bb use_row_as_full_screen_section=\u00a0\u00bbno\u00a0\u00bb type=\u00a0\u00bbfull_width\u00a0\u00bb angled_section=\u00a0\u00bbno\u00a0\u00bb text_align=\u00a0\u00bbleft\u00a0\u00bb background_image_as_pattern=\u00a0\u00bbwithout_pattern\u00a0\u00bb][vc_column][vc_separator type=\u00a0\u00bbnormal\u00a0\u00bb thickness=\u00a0\u00bb1px\u00a0\u00bb][\/vc_column][\/vc_row][vc_row css_animation=\u00a0\u00bb\u00a0\u00bb row_type=\u00a0\u00bbrow\u00a0\u00bb use_row_as_full_screen_section=\u00a0\u00bbno\u00a0\u00bb type=\u00a0\u00bbfull_width\u00a0\u00bb angled_section=\u00a0\u00bbno\u00a0\u00bb text_align=\u00a0\u00bbleft\u00a0\u00bb background_image_as_pattern=\u00a0\u00bbwithout_pattern\u00a0\u00bb z_index=\u00a0\u00bb\u00a0\u00bb css=\u00a0\u00bb.vc_custom_1651223700523{padding-top: 4% !important;padding-bottom: 4% !important;padding-left: 7% !important;}\u00a0\u00bb][vc_column offset=\u00a0\u00bbvc_col-lg-3 vc_col-md-12 vc_col-xs-12&Prime;][vc_single_image image=\u00a0\u00bb1312&Prime; img_size=\u00a0\u00bbfull\u00a0\u00bb qode_css_animation=\u00a0\u00bb\u00a0\u00bb][vc_empty_space][\/vc_column][vc_column offset=\u00a0\u00bbvc_col-lg-9 vc_col-md-12 vc_col-xs-12&Prime;][vc_row_inner row_type=\u00a0\u00bbrow\u00a0\u00bb type=\u00a0\u00bbfull_width\u00a0\u00bb text_align=\u00a0\u00bbleft\u00a0\u00bb css_animation=\u00a0\u00bb\u00a0\u00bb][vc_column_inner][vc_column_text]<\/p>\n<h3>2016\/17<br \/>\nJeu en bois &#8211; Jouets en bois \u00e0 toucher et \u00e0 s&rsquo;\u00e9merveiller<\/h3>\n<p>du 21 mai 2016 au 26 novembre 2017<br \/>\nLes jouets en bois sous diff\u00e9rents angles et avec suffisamment d&rsquo;espace pour laisser libre cours \u00e0 sa propre passion de jeu.[\/vc_column_text][vc_empty_space]<a  itemprop=\"url\" href=\"https:\/\/museum-holzbildhauerei.ch\/wp-content\/uploads\/2022\/09\/Museum_Holzbildhauerei_Brienz-_Holzspiel_Flyer_weiss-2017.pdf\" target=\"_blank\"  class=\"qbutton  default\" style=\"\">Flyer<\/a>[vc_empty_space][\/vc_column_inner][\/vc_row_inner][\/vc_column][\/vc_row][vc_row css_animation=\u00a0\u00bb\u00a0\u00bb row_type=\u00a0\u00bbrow\u00a0\u00bb use_row_as_full_screen_section=\u00a0\u00bbno\u00a0\u00bb type=\u00a0\u00bbfull_width\u00a0\u00bb angled_section=\u00a0\u00bbno\u00a0\u00bb text_align=\u00a0\u00bbleft\u00a0\u00bb background_image_as_pattern=\u00a0\u00bbwithout_pattern\u00a0\u00bb][vc_column][vc_separator type=\u00a0\u00bbnormal\u00a0\u00bb thickness=\u00a0\u00bb1px\u00a0\u00bb][\/vc_column][\/vc_row][vc_row css_animation=\u00a0\u00bb\u00a0\u00bb row_type=\u00a0\u00bbrow\u00a0\u00bb use_row_as_full_screen_section=\u00a0\u00bbno\u00a0\u00bb type=\u00a0\u00bbfull_width\u00a0\u00bb angled_section=\u00a0\u00bbno\u00a0\u00bb text_align=\u00a0\u00bbleft\u00a0\u00bb background_image_as_pattern=\u00a0\u00bbwithout_pattern\u00a0\u00bb z_index=\u00a0\u00bb\u00a0\u00bb css=\u00a0\u00bb.vc_custom_1651223700523{padding-top: 4% !important;padding-bottom: 4% !important;padding-left: 7% !important;}\u00a0\u00bb][vc_column offset=\u00a0\u00bbvc_col-lg-3 vc_col-md-12 vc_col-xs-12&Prime;][vc_single_image image=\u00a0\u00bb1310&Prime; img_size=\u00a0\u00bbfull\u00a0\u00bb qode_css_animation=\u00a0\u00bb\u00a0\u00bb][vc_empty_space][\/vc_column][vc_column offset=\u00a0\u00bbvc_col-lg-9 vc_col-md-12 vc_col-xs-12&Prime;][vc_row_inner row_type=\u00a0\u00bbrow\u00a0\u00bb type=\u00a0\u00bbfull_width\u00a0\u00bb text_align=\u00a0\u00bbleft\u00a0\u00bb css_animation=\u00a0\u00bb\u00a0\u00bb][vc_column_inner][vc_column_text]<\/p>\n<h3>2018<br \/>\nLa dynastie de sculpteurs Huggler &#8211; 200 ans d&rsquo;art et d&rsquo;artisanat d&rsquo;art<\/h3>\n<p>du 5 mai au 31 octobre 2018<br \/>\nL&rsquo;exposition temporaire \u00e9tait centr\u00e9e sur la dynastie unique des sculpteurs Huggler, qui a marqu\u00e9 la sculpture sur bois de la r\u00e9gion durant plus de 200 ans.[\/vc_column_text][vc_empty_space]<a  itemprop=\"url\" href=\"https:\/\/museum-holzbildhauerei.ch\/wp-content\/uploads\/2022\/09\/Museum_Holzbildhauerei_Brienz-_Flyer_Huggler_2018.pdf\" target=\"_blank\"  class=\"qbutton  default\" style=\"\">Flyer<\/a>[vc_empty_space][\/vc_column_inner][\/vc_row_inner][\/vc_column][\/vc_row][vc_row css_animation=\u00a0\u00bb\u00a0\u00bb row_type=\u00a0\u00bbrow\u00a0\u00bb use_row_as_full_screen_section=\u00a0\u00bbno\u00a0\u00bb type=\u00a0\u00bbfull_width\u00a0\u00bb angled_section=\u00a0\u00bbno\u00a0\u00bb text_align=\u00a0\u00bbleft\u00a0\u00bb background_image_as_pattern=\u00a0\u00bbwithout_pattern\u00a0\u00bb][vc_column][vc_separator type=\u00a0\u00bbnormal\u00a0\u00bb thickness=\u00a0\u00bb1px\u00a0\u00bb][\/vc_column][\/vc_row][vc_row css_animation=\u00a0\u00bb\u00a0\u00bb row_type=\u00a0\u00bbrow\u00a0\u00bb use_row_as_full_screen_section=\u00a0\u00bbno\u00a0\u00bb type=\u00a0\u00bbfull_width\u00a0\u00bb angled_section=\u00a0\u00bbno\u00a0\u00bb text_align=\u00a0\u00bbleft\u00a0\u00bb background_image_as_pattern=\u00a0\u00bbwithout_pattern\u00a0\u00bb z_index=\u00a0\u00bb\u00a0\u00bb css=\u00a0\u00bb.vc_custom_1651223700523{padding-top: 4% !important;padding-bottom: 4% !important;padding-left: 7% !important;}\u00a0\u00bb][vc_column offset=\u00a0\u00bbvc_col-lg-3 vc_col-md-12 vc_col-xs-12&Prime;][vc_single_image image=\u00a0\u00bb1314&Prime; img_size=\u00a0\u00bbfull\u00a0\u00bb qode_css_animation=\u00a0\u00bb\u00a0\u00bb][vc_empty_space][\/vc_column][vc_column offset=\u00a0\u00bbvc_col-lg-9 vc_col-md-12 vc_col-xs-12&Prime;][vc_row_inner row_type=\u00a0\u00bbrow\u00a0\u00bb type=\u00a0\u00bbfull_width\u00a0\u00bb text_align=\u00a0\u00bbleft\u00a0\u00bb css_animation=\u00a0\u00bb\u00a0\u00bb][vc_column_inner][vc_column_text]<\/p>\n<h3>2019<br \/>\nSculptrices sur bois au cabinet<\/h3>\n<p>du 4 mai au 27 octobre 2019<br \/>\nIl \u00e9tait temps de consacrer une plateforme au nombre croissant de femmes dans la sculpture sur bois. L&rsquo;exposition a attir\u00e9 beaucoup d&rsquo;attention et a \u00e9t\u00e9 un succ\u00e8s.[\/vc_column_text][vc_empty_space]<a  itemprop=\"url\" href=\"https:\/\/museum-holzbildhauerei.ch\/wp-content\/uploads\/2022\/09\/Museum_Holzbildhauerei_Brienz-Brosch-2019-Sonderaustellung.pdf\" target=\"_blank\"  class=\"qbutton  default\" style=\"\">Flyer<\/a>[vc_empty_space][\/vc_column_inner][\/vc_row_inner][\/vc_column][\/vc_row][vc_row css_animation=\u00a0\u00bb\u00a0\u00bb row_type=\u00a0\u00bbrow\u00a0\u00bb use_row_as_full_screen_section=\u00a0\u00bbno\u00a0\u00bb type=\u00a0\u00bbfull_width\u00a0\u00bb angled_section=\u00a0\u00bbno\u00a0\u00bb text_align=\u00a0\u00bbleft\u00a0\u00bb background_image_as_pattern=\u00a0\u00bbwithout_pattern\u00a0\u00bb][vc_column][vc_separator type=\u00a0\u00bbnormal\u00a0\u00bb thickness=\u00a0\u00bb1px\u00a0\u00bb][\/vc_column][\/vc_row][vc_row css_animation=\u00a0\u00bb\u00a0\u00bb row_type=\u00a0\u00bbrow\u00a0\u00bb use_row_as_full_screen_section=\u00a0\u00bbno\u00a0\u00bb type=\u00a0\u00bbfull_width\u00a0\u00bb angled_section=\u00a0\u00bbno\u00a0\u00bb text_align=\u00a0\u00bbleft\u00a0\u00bb background_image_as_pattern=\u00a0\u00bbwithout_pattern\u00a0\u00bb z_index=\u00a0\u00bb\u00a0\u00bb css=\u00a0\u00bb.vc_custom_1651223700523{padding-top: 4% !important;padding-bottom: 4% !important;padding-left: 7% !important;}\u00a0\u00bb][vc_column offset=\u00a0\u00bbvc_col-lg-3 vc_col-md-12 vc_col-xs-12&Prime;][vc_single_image image=\u00a0\u00bb1316&Prime; img_size=\u00a0\u00bbfull\u00a0\u00bb qode_css_animation=\u00a0\u00bb\u00a0\u00bb][vc_empty_space][\/vc_column][vc_column offset=\u00a0\u00bbvc_col-lg-9 vc_col-md-12 vc_col-xs-12&Prime;][vc_row_inner row_type=\u00a0\u00bbrow\u00a0\u00bb type=\u00a0\u00bbfull_width\u00a0\u00bb text_align=\u00a0\u00bbleft\u00a0\u00bb css_animation=\u00a0\u00bb\u00a0\u00bb][vc_column_inner][vc_column_text]<\/p>\n<h3>2020\/21<br \/>\nCarl Binder Brienz \u2013 Paris \u2013 Brienz<\/h3>\n<p>du 2 mai au 31 octobre 2020 et du 1er mai au 30 octobre 2021<br \/>\nMarqu\u00e9 par de grands ma\u00eetres fran\u00e7ais, Carl Binder a connu des succ\u00e8s internationaux . Cette exposition pr\u00e9sentait des figures et des \u0153uvres pr\u00e9coces et plus<br \/>\ntardives, de petite taille ou de grandeur naturelle.[\/vc_column_text][vc_empty_space]<a  itemprop=\"url\" href=\"https:\/\/museum-holzbildhauerei.ch\/wp-content\/uploads\/2022\/09\/Museum_Holzbildhauerei_Brienz-Flyer-Sonderausstellung_2020-1.pdf\" target=\"_blank\"  class=\"qbutton  default\" style=\"\">Flyer<\/a>[vc_empty_space][\/vc_column_inner][\/vc_row_inner][\/vc_column][\/vc_row][vc_row css_animation=\u00a0\u00bb\u00a0\u00bb row_type=\u00a0\u00bbrow\u00a0\u00bb use_row_as_full_screen_section=\u00a0\u00bbno\u00a0\u00bb type=\u00a0\u00bbfull_width\u00a0\u00bb angled_section=\u00a0\u00bbno\u00a0\u00bb text_align=\u00a0\u00bbleft\u00a0\u00bb background_image_as_pattern=\u00a0\u00bbwithout_pattern\u00a0\u00bb][vc_column][vc_separator type=\u00a0\u00bbnormal\u00a0\u00bb thickness=\u00a0\u00bb1px\u00a0\u00bb][\/vc_column][\/vc_row][vc_row css_animation=\u00a0\u00bb\u00a0\u00bb row_type=\u00a0\u00bbrow\u00a0\u00bb use_row_as_full_screen_section=\u00a0\u00bbno\u00a0\u00bb type=\u00a0\u00bbfull_width\u00a0\u00bb angled_section=\u00a0\u00bbno\u00a0\u00bb text_align=\u00a0\u00bbleft\u00a0\u00bb background_image_as_pattern=\u00a0\u00bbwithout_pattern\u00a0\u00bb z_index=\u00a0\u00bb\u00a0\u00bb css=\u00a0\u00bb.vc_custom_1651223700523{padding-top: 4% !important;padding-bottom: 4% !important;padding-left: 7% !important;}\u00a0\u00bb][vc_column offset=\u00a0\u00bbvc_col-lg-3 vc_col-md-12 vc_col-xs-12&Prime;][vc_single_image image=\u00a0\u00bb1320&Prime; img_size=\u00a0\u00bbfull\u00a0\u00bb qode_css_animation=\u00a0\u00bb\u00a0\u00bb][vc_empty_space][\/vc_column][vc_column offset=\u00a0\u00bbvc_col-lg-9 vc_col-md-12 vc_col-xs-12&Prime;][vc_row_inner row_type=\u00a0\u00bbrow\u00a0\u00bb type=\u00a0\u00bbfull_width\u00a0\u00bb text_align=\u00a0\u00bbleft\u00a0\u00bb css_animation=\u00a0\u00bb\u00a0\u00bb][vc_column_inner][vc_column_text]<\/p>\n<h3>2022<br \/>\nBernhard D\u00fcrig \u2013 Formes de la Nature<\/h3>\n<p>du 8 mai au 31 octobre 2022<br \/>\nLes sculptures en bande envo\u00fbtent les spectateurs par leur l\u00e9g\u00e8ret\u00e9 et leur \u00e9l\u00e9gance, comme si un souffle de vent pouvait les faire bouger.<\/p>\n<p>[\/vc_column_text][vc_empty_space]<a  itemprop=\"url\" href=\"https:\/\/museum-holzbildhauerei.ch\/wp-content\/uploads\/2022\/09\/Museum_Holzbildhauerei_Brienz-Prospekt_A5_Sonderausstellung_2022.pdf\" target=\"_blank\"  class=\"qbutton  default\" style=\"\">Flyer<\/a>[vc_empty_space][\/vc_column_inner][\/vc_row_inner][\/vc_column][\/vc_row][vc_row css_animation=\u00a0\u00bb\u00a0\u00bb row_type=\u00a0\u00bbrow\u00a0\u00bb use_row_as_full_screen_section=\u00a0\u00bbno\u00a0\u00bb type=\u00a0\u00bbfull_width\u00a0\u00bb angled_section=\u00a0\u00bbno\u00a0\u00bb text_align=\u00a0\u00bbleft\u00a0\u00bb background_image_as_pattern=\u00a0\u00bbwithout_pattern\u00a0\u00bb][vc_column][vc_separator type=\u00a0\u00bbnormal\u00a0\u00bb thickness=\u00a0\u00bb1px\u00a0\u00bb][\/vc_column][\/vc_row][vc_row css_animation=\u00a0\u00bb\u00a0\u00bb row_type=\u00a0\u00bbrow\u00a0\u00bb use_row_as_full_screen_section=\u00a0\u00bbno\u00a0\u00bb type=\u00a0\u00bbfull_width\u00a0\u00bb angled_section=\u00a0\u00bbno\u00a0\u00bb text_align=\u00a0\u00bbleft\u00a0\u00bb background_image_as_pattern=\u00a0\u00bbwithout_pattern\u00a0\u00bb z_index=\u00a0\u00bb\u00a0\u00bb css=\u00a0\u00bb.vc_custom_1651223700523{padding-top: 4% !important;padding-bottom: 4% !important;padding-left: 7% !important;}\u00a0\u00bb][vc_column offset=\u00a0\u00bbvc_col-lg-3 vc_col-md-12 vc_col-xs-12&Prime;][vc_single_image image=\u00a0\u00bb2612&Prime; img_size=\u00a0\u00bbfull\u00a0\u00bb qode_css_animation=\u00a0\u00bb\u00a0\u00bb][vc_empty_space][\/vc_column][vc_column offset=\u00a0\u00bbvc_col-lg-9 vc_col-md-12 vc_col-xs-12&Prime;][vc_row_inner row_type=\u00a0\u00bbrow\u00a0\u00bb type=\u00a0\u00bbfull_width\u00a0\u00bb text_align=\u00a0\u00bbleft\u00a0\u00bb css_animation=\u00a0\u00bb\u00a0\u00bb][vc_column_inner][vc_column_text]<\/p>\n<h3>2023<br \/>\nCUBES \u2013 Sortir de l\u2019atelier, rentrer dans le cube<br \/>\nDes sculpteurs sur bois de toute la Suisse pr\u00e9sentent leurs cr\u00e9ations<\/h3>\n<p>du 6 mai au 29 octobre 2023<br \/>\nC&rsquo;est un monde plein de l\u00e9g\u00e8ret\u00e9, de cr\u00e9ativit\u00e9 et de joie de vivre que l&rsquo;exposition mobile THE CUBE a pr\u00e9sent\u00e9, avec la diversit\u00e9 des cr\u00e9ations pr\u00e9cieuses de l&rsquo;Association suisse des sculpteurs sur bois. Elle a donn\u00e9 un aper\u00e7u vari\u00e9 des \u0153uvres de plus de 40 sculpteurs et sculptrices suisses, dont une vingtaine provenant du haut lieu de la sculpture sur bois autour de Brienz. Qu&rsquo;il s&rsquo;agisse du gar\u00e7on \u00e0 l&rsquo;harmonica, des vaches en train de se battre (ou simplement de se blottir?), des figures magistrales et \u00e9lanc\u00e9es, des loups ou de l&rsquo;approche ludique d&rsquo;une fillette et d&rsquo;un chimpanz\u00e9, la cr\u00e9ativit\u00e9 n&rsquo;avait gu\u00e8re de limites. Les \u0153uvres pr\u00e9sentaient les techniques les plus diverses, mais aussi des particularit\u00e9s d&rsquo;origines vari\u00e9es.[\/vc_column_text][vc_empty_space]<a  itemprop=\"url\" href=\"https:\/\/museum-holzbildhauerei.ch\/wp-content\/uploads\/2022\/12\/Sonderausstellung_Cube_Falzflyer_A6-5_h_586x210.pdf\" target=\"_blank\"  class=\"qbutton  default\" style=\"\">Flyer<\/a>[vc_empty_space][\/vc_column_inner][\/vc_row_inner][\/vc_column][\/vc_row][vc_row css_animation=\u00a0\u00bb\u00a0\u00bb row_type=\u00a0\u00bbrow\u00a0\u00bb use_row_as_full_screen_section=\u00a0\u00bbno\u00a0\u00bb type=\u00a0\u00bbfull_width\u00a0\u00bb angled_section=\u00a0\u00bbno\u00a0\u00bb text_align=\u00a0\u00bbleft\u00a0\u00bb background_image_as_pattern=\u00a0\u00bbwithout_pattern\u00a0\u00bb][vc_column][vc_separator type=\u00a0\u00bbnormal\u00a0\u00bb thickness=\u00a0\u00bb1px\u00a0\u00bb][\/vc_column][\/vc_row][vc_row css_animation=\u00a0\u00bb\u00a0\u00bb row_type=\u00a0\u00bbrow\u00a0\u00bb use_row_as_full_screen_section=\u00a0\u00bbno\u00a0\u00bb type=\u00a0\u00bbfull_width\u00a0\u00bb angled_section=\u00a0\u00bbno\u00a0\u00bb text_align=\u00a0\u00bbleft\u00a0\u00bb background_image_as_pattern=\u00a0\u00bbwithout_pattern\u00a0\u00bb z_index=\u00a0\u00bb\u00a0\u00bb css=\u00a0\u00bb.vc_custom_1651223700523{padding-top: 4% !important;padding-bottom: 4% !important;padding-left: 7% !important;}\u00a0\u00bb][vc_column offset=\u00a0\u00bbvc_col-lg-3 vc_col-md-12 vc_col-xs-12&Prime;][vc_single_image image=\u00a0\u00bb3448&Prime; img_size=\u00a0\u00bbfull\u00a0\u00bb qode_css_animation=\u00a0\u00bb\u00a0\u00bb][vc_empty_space][\/vc_column][vc_column offset=\u00a0\u00bbvc_col-lg-9 vc_col-md-12 vc_col-xs-12&Prime;][vc_row_inner row_type=\u00a0\u00bbrow\u00a0\u00bb type=\u00a0\u00bbfull_width\u00a0\u00bb text_align=\u00a0\u00bbleft\u00a0\u00bb css_animation=\u00a0\u00bb\u00a0\u00bb][vc_column_inner][vc_column_text]<\/p>\n<h3>2024<br \/>\nCHALETS \u00c0 EMPORTER<br \/>\nSouvenirs entre nostalgie et kitsch<\/h3>\n<p>du 5 mai au 27 octobre 2024<\/p>\n<p>L&rsquo;exposition sp\u00e9ciale 2024 a permis \u00e0 nos visiteurs de se familiariser un peu plus avec le ph\u00e9nom\u00e8ne \u00abchalet\u00bb. Les chalets font partie de la Suisse au m\u00eame titre que les montres et le chocolat. Ils marquent encore aujourd&rsquo;hui le paysage alpin. Il n&rsquo;est donc pas \u00e9tonnant que les voyageurs veuillent ramener leur chalet chez eux &#8211; comme petit souvenir ou m\u00eame comme maison enti\u00e8re de la fabrique de chalets. Le chalet en bois est ainsi devenu un article d&rsquo;exportation mondial que l&rsquo;on retrouve sur tous les continents sous le nom de \u00ab maison suisse \u00bb. Le monde pass\u00e9 des \u00ab H\u00fcselischnitzler \u00bb (sculpteurs de chalets) vers 1880 \u00e0 Brienz est ainsi r\u00e9apparu \u00e0 la lumi\u00e8re du jour et a fascin\u00e9 par ses histoires \u00e9tonnantes.<\/p>\n<p>L&rsquo;exposition est actuellement pr\u00e9sent\u00e9e au Gletschergarten \u00e0 Lucerne.[\/vc_column_text][vc_empty_space]<a  itemprop=\"url\" href=\"https:\/\/museum-holzbildhauerei.ch\/wp-content\/uploads\/2024\/05\/SHBM-Einlegeblatt-144x210-2024-DEF-web.pdf\" target=\"_blank\"  class=\"qbutton  default\" style=\"\">Flyer<\/a>[vc_empty_space][\/vc_column_inner][\/vc_row_inner][\/vc_column][\/vc_row][vc_row css_animation=\u00a0\u00bb\u00a0\u00bb row_type=\u00a0\u00bbrow\u00a0\u00bb use_row_as_full_screen_section=\u00a0\u00bbno\u00a0\u00bb type=\u00a0\u00bbfull_width\u00a0\u00bb angled_section=\u00a0\u00bbno\u00a0\u00bb text_align=\u00a0\u00bbleft\u00a0\u00bb background_image_as_pattern=\u00a0\u00bbwithout_pattern\u00a0\u00bb][vc_column][vc_separator type=\u00a0\u00bbnormal\u00a0\u00bb thickness=\u00a0\u00bb1px\u00a0\u00bb][\/vc_column][\/vc_row][vc_row css_animation=\u00a0\u00bb\u00a0\u00bb row_type=\u00a0\u00bbrow\u00a0\u00bb use_row_as_full_screen_section=\u00a0\u00bbno\u00a0\u00bb type=\u00a0\u00bbfull_width\u00a0\u00bb angled_section=\u00a0\u00bbno\u00a0\u00bb text_align=\u00a0\u00bbleft\u00a0\u00bb background_image_as_pattern=\u00a0\u00bbwithout_pattern\u00a0\u00bb z_index=\u00a0\u00bb\u00a0\u00bb css=\u00a0\u00bb.vc_custom_1651223700523{padding-top: 4% !important;padding-bottom: 4% !important;padding-left: 7% !important;}\u00a0\u00bb][vc_column offset=\u00a0\u00bbvc_col-lg-3 vc_col-md-12 vc_col-xs-12&Prime;][vc_single_image image=\u00a0\u00bb4206&Prime; img_size=\u00a0\u00bbfull\u00a0\u00bb css=\u00a0\u00bb\u00a0\u00bb qode_css_animation=\u00a0\u00bb\u00a0\u00bb][vc_empty_space][\/vc_column][vc_column offset=\u00a0\u00bbvc_col-lg-9 vc_col-md-12 vc_col-xs-12&Prime;][vc_row_inner row_type=\u00a0\u00bbrow\u00a0\u00bb type=\u00a0\u00bbfull_width\u00a0\u00bb text_align=\u00a0\u00bbleft\u00a0\u00bb css_animation=\u00a0\u00bb\u00a0\u00bb][vc_column_inner][vc_column_text css=\u00a0\u00bb\u00a0\u00bb]<\/p>\n<h3>2025<br \/>\nURS-PETER TWELLMANN<br \/>\n\u00abDessin\u00e9 et sci\u00e9\u00bb<\/h3>\n<p>du 4 mai au 26 octobre 2025<\/p>\n<p>Les bois sont cass\u00e9s, fendus, sci\u00e9s et analys\u00e9s pour \u00eatre finalement plac\u00e9s dans de nouvelles dispositions et de nouveaux contextes. L\u2019environnement, le mat\u00e9riau, l\u2019ambiance et bien d\u2019autres choses encore marquent la naissance de nouvelles \u0153uvres, souvent directement dans la nature indompt\u00e9e. Depuis plus de 25 ans, Urs-P. Twellmann s\u2019immerge dans la nature, s\u2019inspirant des arbres, mais plus encore du bois de chauffage ou de paysages sauvages.[\/vc_column_text][vc_empty_space]<a  itemprop=\"url\" href=\"https:\/\/museum-holzbildhauerei.ch\/wp-content\/uploads\/2026\/01\/SHBM-Einlegeblatt-144x210-2025-DEF-WEB.pdf\" target=\"_blank\"  class=\"qbutton  default\" style=\"\">Flyer<\/a>[vc_empty_space][\/vc_column_inner][\/vc_row_inner][\/vc_column][\/vc_row][vc_row css_animation=\u00a0\u00bb\u00a0\u00bb row_type=\u00a0\u00bbrow\u00a0\u00bb use_row_as_full_screen_section=\u00a0\u00bbno\u00a0\u00bb type=\u00a0\u00bbfull_width\u00a0\u00bb angled_section=\u00a0\u00bbno\u00a0\u00bb text_align=\u00a0\u00bbleft\u00a0\u00bb background_image_as_pattern=\u00a0\u00bbwithout_pattern\u00a0\u00bb][vc_column][vc_separator type=\u00a0\u00bbnormal\u00a0\u00bb thickness=\u00a0\u00bb1px\u00a0\u00bb][\/vc_column][\/vc_row]<\/p>\n<\/div>","protected":false},"excerpt":{"rendered":"<p>[vc_row css_animation=\u00a0\u00bb\u00a0\u00bb row_type=\u00a0\u00bbrow\u00a0\u00bb use_row_as_full_screen_section=\u00a0\u00bbno\u00a0\u00bb type=\u00a0\u00bbfull_width\u00a0\u00bb angled_section=\u00a0\u00bbno\u00a0\u00bb text_align=\u00a0\u00bbleft\u00a0\u00bb background_image_as_pattern=\u00a0\u00bbwithout_pattern\u00a0\u00bb css=\u00a0\u00bb.vc_custom_1651240881945{padding-top: 3% !important;}\u00a0\u00bb z_index=\u00a0\u00bb\u00a0\u00bb][vc_column][vc_single_image image=\u00a0\u00bb4200&Prime; img_size=\u00a0\u00bbfull\u00a0\u00bb alignment=\u00a0\u00bbcenter\u00a0\u00bb css=\u00a0\u00bb\u00a0\u00bb qode_css_animation=\u00a0\u00bb\u00a0\u00bb qode_hover_animation=\u00a0\u00bbzoom_in\u00a0\u00bb][\/vc_column][\/vc_row][vc_row css_animation=\u00a0\u00bb\u00a0\u00bb row_type=\u00a0\u00bbrow\u00a0\u00bb use_row_as_full_screen_section=\u00a0\u00bbno\u00a0\u00bb type=\u00a0\u00bbfull_width\u00a0\u00bb angled_section=\u00a0\u00bbno\u00a0\u00bb text_align=\u00a0\u00bbleft\u00a0\u00bb background_image_as_pattern=\u00a0\u00bbwithout_pattern\u00a0\u00bb css=\u00a0\u00bb.vc_custom_1768229974213{padding-top: 4% !important;padding-left: 7% !important;}\u00a0\u00bb z_index=\u00a0\u00bb\u00a0\u00bb][vc_column][vc_single_image image=\u00a0\u00bb1098&Prime; img_size=\u00a0\u00bbfull\u00a0\u00bb css=\u00a0\u00bb.vc_custom_1651490533726{margin-left: -7% !important;}\u00a0\u00bb qode_css_animation=\u00a0\u00bb\u00a0\u00bb][vc_column_text css=\u00a0\u00bb.vc_custom_1776268003236{margin-top: -32px !important;}\u00a0\u00bb] Exposition temporaire 2026 CASSE LA NOIX ! De la plus grande collection de casse-noisettes au monde [\/vc_column_text][vc_empty_space height=\u00a0\u00bb8px\u00a0\u00bb][\/vc_column][\/vc_row][vc_row css_animation=\u00a0\u00bb\u00a0\u00bb row_type=\u00a0\u00bbrow\u00a0\u00bb use_row_as_full_screen_section=\u00a0\u00bbno\u00a0\u00bb type=\u00a0\u00bbfull_width\u00a0\u00bb angled_section=\u00a0\u00bbno\u00a0\u00bb text_align=\u00a0\u00bbleft\u00a0\u00bb background_image_as_pattern=\u00a0\u00bbwithout_pattern\u00a0\u00bb z_index=\u00a0\u00bb\u00a0\u00bb css=\u00a0\u00bb.vc_custom_1745952659200{padding-bottom: 2% !important;padding-left: 7% !important;}\u00a0\u00bb][vc_column offset=\u00a0\u00bbvc_col-lg-3 vc_col-md-12 vc_col-xs-12&Prime;][vc_single_image image=\u00a0\u00bb4238&Prime; img_size=\u00a0\u00bbfull\u00a0\u00bb css=\u00a0\u00bb.vc_custom_1768379482313{margin-left: -7% !important;}\u00a0\u00bb qode_css_animation=\u00a0\u00bb\u00a0\u00bb][vc_empty_space][\/vc_column][vc_column offset=\u00a0\u00bbvc_col-lg-9 vc_col-md-12 vc_col-xs-12&Prime;][vc_row_inner row_type=\u00a0\u00bbrow\u00a0\u00bb type=\u00a0\u00bbfull_width\u00a0\u00bb text_align=\u00a0\u00bbleft\u00a0\u00bb css_animation=\u00a0\u00bb\u00a0\u00bb][vc_column_inner][vc_column_text css=\u00a0\u00bb\u00a0\u00bb]En exclusivit\u00e9 depuis&#8230;<\/p>\n","protected":false},"author":1,"featured_media":0,"parent":0,"menu_order":0,"comment_status":"closed","ping_status":"closed","template":"full_width.php","meta":{"footnotes":""},"class_list":["post-1670","page","type-page","status-publish","hentry"],"yoast_head":"<!-- This site is optimized with the Yoast SEO plugin v27.3 - https:\/\/yoast.com\/product\/yoast-seo-wordpress\/ -->\n<title>Exposition temporaire 2025 - Schweizer Holzbildhauerei Museum Brienz<\/title>\n<meta name=\"description\" content=\"Pour la saison des mus\u00e9es 2026, nous sommes tr\u00e8s heureux de pouvoir vous pr\u00e9senter le monde color\u00e9 des casse-noisettes suisses, r\u00e9uni dans une collection unique.\" \/>\n<meta name=\"robots\" content=\"index, follow, max-snippet:-1, max-image-preview:large, max-video-preview:-1\" \/>\n<link rel=\"canonical\" href=\"https:\/\/museum-holzbildhauerei.ch\/fr\/exposition-temporaire\/\" \/>\n<meta property=\"og:locale\" content=\"fr_FR\" \/>\n<meta property=\"og:type\" content=\"article\" \/>\n<meta property=\"og:title\" content=\"Exposition temporaire 2025 - Schweizer Holzbildhauerei Museum Brienz\" \/>\n<meta property=\"og:description\" content=\"Pour la saison des mus\u00e9es 2026, nous sommes tr\u00e8s heureux de pouvoir vous pr\u00e9senter le monde color\u00e9 des casse-noisettes suisses, r\u00e9uni dans une collection unique.\" \/>\n<meta property=\"og:url\" content=\"https:\/\/museum-holzbildhauerei.ch\/fr\/exposition-temporaire\/\" \/>\n<meta property=\"og:site_name\" content=\"Schweizer Holzbildhauerei Museum Brienz\" \/>\n<meta property=\"article:modified_time\" content=\"2026-04-15T15:49:32+00:00\" \/>\n<meta name=\"twitter:card\" content=\"summary_large_image\" \/>\n<meta name=\"twitter:label1\" content=\"Dur\u00e9e de lecture estim\u00e9e\" \/>\n\t<meta name=\"twitter:data1\" content=\"10 minutes\" \/>\n<script type=\"application\/ld+json\" class=\"yoast-schema-graph\">{\"@context\":\"https:\\\/\\\/schema.org\",\"@graph\":[{\"@type\":\"WebPage\",\"@id\":\"https:\\\/\\\/museum-holzbildhauerei.ch\\\/fr\\\/exposition-temporaire\\\/\",\"url\":\"https:\\\/\\\/museum-holzbildhauerei.ch\\\/fr\\\/exposition-temporaire\\\/\",\"name\":\"Exposition temporaire 2025 - Schweizer Holzbildhauerei Museum Brienz\",\"isPartOf\":{\"@id\":\"https:\\\/\\\/museum-holzbildhauerei.ch\\\/fr\\\/#website\"},\"datePublished\":\"2022-05-02T11:18:46+00:00\",\"dateModified\":\"2026-04-15T15:49:32+00:00\",\"description\":\"Pour la saison des mus\u00e9es 2026, nous sommes tr\u00e8s heureux de pouvoir vous pr\u00e9senter le monde color\u00e9 des casse-noisettes suisses, r\u00e9uni dans une collection unique.\",\"breadcrumb\":{\"@id\":\"https:\\\/\\\/museum-holzbildhauerei.ch\\\/fr\\\/exposition-temporaire\\\/#breadcrumb\"},\"inLanguage\":\"fr-FR\",\"potentialAction\":[{\"@type\":\"ReadAction\",\"target\":[\"https:\\\/\\\/museum-holzbildhauerei.ch\\\/fr\\\/exposition-temporaire\\\/\"]}]},{\"@type\":\"BreadcrumbList\",\"@id\":\"https:\\\/\\\/museum-holzbildhauerei.ch\\\/fr\\\/exposition-temporaire\\\/#breadcrumb\",\"itemListElement\":[{\"@type\":\"ListItem\",\"position\":1,\"name\":\"Startseite\",\"item\":\"https:\\\/\\\/museum-holzbildhauerei.ch\\\/fr\\\/\"},{\"@type\":\"ListItem\",\"position\":2,\"name\":\"Exposition temporaire 2025\"}]},{\"@type\":\"WebSite\",\"@id\":\"https:\\\/\\\/museum-holzbildhauerei.ch\\\/fr\\\/#website\",\"url\":\"https:\\\/\\\/museum-holzbildhauerei.ch\\\/fr\\\/\",\"name\":\"Schweizer Holzbildhauerei Museum Brienz\",\"description\":\"Holzschnitzerei Handwerkskunst\",\"publisher\":{\"@id\":\"https:\\\/\\\/museum-holzbildhauerei.ch\\\/fr\\\/#organization\"},\"potentialAction\":[{\"@type\":\"SearchAction\",\"target\":{\"@type\":\"EntryPoint\",\"urlTemplate\":\"https:\\\/\\\/museum-holzbildhauerei.ch\\\/fr\\\/?s={search_term_string}\"},\"query-input\":{\"@type\":\"PropertyValueSpecification\",\"valueRequired\":true,\"valueName\":\"search_term_string\"}}],\"inLanguage\":\"fr-FR\"},{\"@type\":\"Organization\",\"@id\":\"https:\\\/\\\/museum-holzbildhauerei.ch\\\/fr\\\/#organization\",\"name\":\"Schweizer Holzbildhauerei Museum Brienz\",\"url\":\"https:\\\/\\\/museum-holzbildhauerei.ch\\\/fr\\\/\",\"logo\":{\"@type\":\"ImageObject\",\"inLanguage\":\"fr-FR\",\"@id\":\"https:\\\/\\\/museum-holzbildhauerei.ch\\\/fr\\\/#\\\/schema\\\/logo\\\/image\\\/\",\"url\":\"https:\\\/\\\/museum-holzbildhauerei.ch\\\/wp-content\\\/uploads\\\/2022\\\/05\\\/museum-holzbildhauerei-schweiz-brienz-SEO.jpg\",\"contentUrl\":\"https:\\\/\\\/museum-holzbildhauerei.ch\\\/wp-content\\\/uploads\\\/2022\\\/05\\\/museum-holzbildhauerei-schweiz-brienz-SEO.jpg\",\"width\":600,\"height\":600,\"caption\":\"Schweizer Holzbildhauerei Museum Brienz\"},\"image\":{\"@id\":\"https:\\\/\\\/museum-holzbildhauerei.ch\\\/fr\\\/#\\\/schema\\\/logo\\\/image\\\/\"}}]}<\/script>\n<!-- \/ Yoast SEO plugin. -->","yoast_head_json":{"title":"Exposition temporaire 2025 - Schweizer Holzbildhauerei Museum Brienz","description":"Pour la saison des mus\u00e9es 2026, nous sommes tr\u00e8s heureux de pouvoir vous pr\u00e9senter le monde color\u00e9 des casse-noisettes suisses, r\u00e9uni dans une collection unique.","robots":{"index":"index","follow":"follow","max-snippet":"max-snippet:-1","max-image-preview":"max-image-preview:large","max-video-preview":"max-video-preview:-1"},"canonical":"https:\/\/museum-holzbildhauerei.ch\/fr\/exposition-temporaire\/","og_locale":"fr_FR","og_type":"article","og_title":"Exposition temporaire 2025 - Schweizer Holzbildhauerei Museum Brienz","og_description":"Pour la saison des mus\u00e9es 2026, nous sommes tr\u00e8s heureux de pouvoir vous pr\u00e9senter le monde color\u00e9 des casse-noisettes suisses, r\u00e9uni dans une collection unique.","og_url":"https:\/\/museum-holzbildhauerei.ch\/fr\/exposition-temporaire\/","og_site_name":"Schweizer Holzbildhauerei Museum Brienz","article_modified_time":"2026-04-15T15:49:32+00:00","twitter_card":"summary_large_image","twitter_misc":{"Dur\u00e9e de lecture estim\u00e9e":"10 minutes"},"schema":{"@context":"https:\/\/schema.org","@graph":[{"@type":"WebPage","@id":"https:\/\/museum-holzbildhauerei.ch\/fr\/exposition-temporaire\/","url":"https:\/\/museum-holzbildhauerei.ch\/fr\/exposition-temporaire\/","name":"Exposition temporaire 2025 - Schweizer Holzbildhauerei Museum Brienz","isPartOf":{"@id":"https:\/\/museum-holzbildhauerei.ch\/fr\/#website"},"datePublished":"2022-05-02T11:18:46+00:00","dateModified":"2026-04-15T15:49:32+00:00","description":"Pour la saison des mus\u00e9es 2026, nous sommes tr\u00e8s heureux de pouvoir vous pr\u00e9senter le monde color\u00e9 des casse-noisettes suisses, r\u00e9uni dans une collection unique.","breadcrumb":{"@id":"https:\/\/museum-holzbildhauerei.ch\/fr\/exposition-temporaire\/#breadcrumb"},"inLanguage":"fr-FR","potentialAction":[{"@type":"ReadAction","target":["https:\/\/museum-holzbildhauerei.ch\/fr\/exposition-temporaire\/"]}]},{"@type":"BreadcrumbList","@id":"https:\/\/museum-holzbildhauerei.ch\/fr\/exposition-temporaire\/#breadcrumb","itemListElement":[{"@type":"ListItem","position":1,"name":"Startseite","item":"https:\/\/museum-holzbildhauerei.ch\/fr\/"},{"@type":"ListItem","position":2,"name":"Exposition temporaire 2025"}]},{"@type":"WebSite","@id":"https:\/\/museum-holzbildhauerei.ch\/fr\/#website","url":"https:\/\/museum-holzbildhauerei.ch\/fr\/","name":"Schweizer Holzbildhauerei Museum Brienz","description":"Holzschnitzerei Handwerkskunst","publisher":{"@id":"https:\/\/museum-holzbildhauerei.ch\/fr\/#organization"},"potentialAction":[{"@type":"SearchAction","target":{"@type":"EntryPoint","urlTemplate":"https:\/\/museum-holzbildhauerei.ch\/fr\/?s={search_term_string}"},"query-input":{"@type":"PropertyValueSpecification","valueRequired":true,"valueName":"search_term_string"}}],"inLanguage":"fr-FR"},{"@type":"Organization","@id":"https:\/\/museum-holzbildhauerei.ch\/fr\/#organization","name":"Schweizer Holzbildhauerei Museum Brienz","url":"https:\/\/museum-holzbildhauerei.ch\/fr\/","logo":{"@type":"ImageObject","inLanguage":"fr-FR","@id":"https:\/\/museum-holzbildhauerei.ch\/fr\/#\/schema\/logo\/image\/","url":"https:\/\/museum-holzbildhauerei.ch\/wp-content\/uploads\/2022\/05\/museum-holzbildhauerei-schweiz-brienz-SEO.jpg","contentUrl":"https:\/\/museum-holzbildhauerei.ch\/wp-content\/uploads\/2022\/05\/museum-holzbildhauerei-schweiz-brienz-SEO.jpg","width":600,"height":600,"caption":"Schweizer Holzbildhauerei Museum Brienz"},"image":{"@id":"https:\/\/museum-holzbildhauerei.ch\/fr\/#\/schema\/logo\/image\/"}}]}},"_links":{"self":[{"href":"https:\/\/museum-holzbildhauerei.ch\/fr\/wp-json\/wp\/v2\/pages\/1670","targetHints":{"allow":["GET"]}}],"collection":[{"href":"https:\/\/museum-holzbildhauerei.ch\/fr\/wp-json\/wp\/v2\/pages"}],"about":[{"href":"https:\/\/museum-holzbildhauerei.ch\/fr\/wp-json\/wp\/v2\/types\/page"}],"author":[{"embeddable":true,"href":"https:\/\/museum-holzbildhauerei.ch\/fr\/wp-json\/wp\/v2\/users\/1"}],"replies":[{"embeddable":true,"href":"https:\/\/museum-holzbildhauerei.ch\/fr\/wp-json\/wp\/v2\/comments?post=1670"}],"version-history":[{"count":27,"href":"https:\/\/museum-holzbildhauerei.ch\/fr\/wp-json\/wp\/v2\/pages\/1670\/revisions"}],"predecessor-version":[{"id":4724,"href":"https:\/\/museum-holzbildhauerei.ch\/fr\/wp-json\/wp\/v2\/pages\/1670\/revisions\/4724"}],"wp:attachment":[{"href":"https:\/\/museum-holzbildhauerei.ch\/fr\/wp-json\/wp\/v2\/media?parent=1670"}],"curies":[{"name":"wp","href":"https:\/\/api.w.org\/{rel}","templated":true}]}}